{"id":2870,"date":"2020-09-10T19:47:47","date_gmt":"2020-09-10T17:47:47","guid":{"rendered":"https:\/\/cfi.carol-voyages.com\/?page_id=2870"},"modified":"2020-09-10T19:47:47","modified_gmt":"2020-09-10T17:47:47","slug":"aveyron","status":"publish","type":"page","link":"https:\/\/cfi.carol-voyages.com\/index.php\/fr\/circuits\/occitanie\/aveyron\/","title":{"rendered":"Aveyron"},"content":{"rendered":"<p>[et_pb_section fb_built=\u00a0\u00bb1&Prime; _builder_version=\u00a0\u00bb4.3.1&Prime; custom_padding=\u00a0\u00bb0px||||false|false\u00a0\u00bb][et_pb_row _builder_version=\u00a0\u00bb4.3.1&Prime; width=\u00a0\u00bb90%\u00a0\u00bb max_width=\u00a0\u00bb100%\u00a0\u00bb custom_padding=\u00a0\u00bb||0px|||\u00a0\u00bb][et_pb_column type=\u00a0\u00bb4_4&Prime; _builder_version=\u00a0\u00bb4.3.1&Prime;][et_pb_text disabled_on=\u00a0\u00bbon|on|off\u00a0\u00bb _builder_version=\u00a0\u00bb4.3.1&Prime; text_font=\u00a0\u00bbMontserrat|300|||||||\u00a0\u00bb text_text_color=\u00a0\u00bb#000000&Prime; link_font=\u00a0\u00bbMontserrat||||||||\u00a0\u00bb link_text_color=\u00a0\u00bb#000000&Prime;]<span><span><a href=\"https:\/\/cfi.carol-voyages.com\/\">Home<\/a><\/span><\/span>[\/et_pb_text][\/et_pb_column][\/et_pb_row][et_pb_row _builder_version=\u00a0\u00bb4.3.1&Prime; custom_padding=\u00a0\u00bb||0px|||\u00a0\u00bb][et_pb_column type=\u00a0\u00bb4_4&Prime; _builder_version=\u00a0\u00bb4.3.1&Prime;][et_pb_text _builder_version=\u00a0\u00bb4.3.1&Prime; text_font=\u00a0\u00bbMontserrat||||||||\u00a0\u00bb header_font=\u00a0\u00bbMontserrat||||||||\u00a0\u00bb header_font_size=\u00a0\u00bb50px\u00a0\u00bb header_2_font=\u00a0\u00bbOswald||||||||\u00a0\u00bb header_2_text_align=\u00a0\u00bbcenter\u00a0\u00bb header_2_text_color=\u00a0\u00bb#ffba00&Prime; header_2_font_size=\u00a0\u00bb60px\u00a0\u00bb header_2_line_height=\u00a0\u00bb1.5em\u00a0\u00bb text_orientation=\u00a0\u00bbcenter\u00a0\u00bb hover_enabled=\u00a0\u00bb0&Prime; header_2_font_size_tablet=\u00a0\u00bb36px\u00a0\u00bb header_2_font_size_phone=\u00a0\u00bb24px\u00a0\u00bb header_2_font_size_last_edited=\u00a0\u00bbon|phone\u00a0\u00bb]<\/p>\n<h2>\u2022 Aveyron \u2022<\/h2>\n<p class=\"p1\">Rodez &#8211; Entraygues sur Truyere &#8211; Estaing &#8211; Saint Comes d\u2019Olt &#8211; Sainte Eulalie d\u2019Olt &#8211; Belcastel &#8211; Conques &#8211; Villefranche de Rouergue &#8211; Najac &#8211; Millau &#8211; Peyre<\/p>\n<p>[\/et_pb_text][\/et_pb_column][\/et_pb_row][\/et_pb_section][et_pb_section fb_built=\u00a0\u00bb1&Prime; _builder_version=\u00a0\u00bb4.3.1&Prime; background_color=\u00a0\u00bbrgba(0,80,94,0.05)\u00a0\u00bb custom_padding=\u00a0\u00bb0px||0px|||\u00a0\u00bb][et_pb_row column_structure=\u00a0\u00bb2_5,3_5&Prime; use_custom_gutter=\u00a0\u00bbon\u00a0\u00bb gutter_width=\u00a0\u00bb1&Prime; make_equal=\u00a0\u00bbon\u00a0\u00bb _builder_version=\u00a0\u00bb4.3.1&Prime; max_width=\u00a0\u00bb1200px\u00a0\u00bb custom_padding=\u00a0\u00bb0px||0px|||\u00a0\u00bb][et_pb_column type=\u00a0\u00bb2_5&Prime; module_class=\u00a0\u00bbds-vertical-align\u00a0\u00bb _builder_version=\u00a0\u00bb4.3.1&Prime;][et_pb_text _builder_version=\u00a0\u00bb4.3.1&Prime; text_font=\u00a0\u00bbMontserrat||||||||\u00a0\u00bb text_line_height=\u00a0\u00bb2.5em\u00a0\u00bb header_2_font=\u00a0\u00bbOswald||||||||\u00a0\u00bb header_2_text_color=\u00a0\u00bb#ffba00&Prime; header_2_font_size=\u00a0\u00bb60px\u00a0\u00bb header_2_line_height=\u00a0\u00bb1.3em\u00a0\u00bb header_3_font=\u00a0\u00bbMontserrat||||||||\u00a0\u00bb header_3_font_size=\u00a0\u00bb36px\u00a0\u00bb header_3_line_height=\u00a0\u00bb2em\u00a0\u00bb custom_padding_tablet=\u00a0\u00bb25px||25px||false|false\u00a0\u00bb custom_padding_phone=\u00a0\u00bb\u00a0\u00bb custom_padding_last_edited=\u00a0\u00bbon|tablet\u00a0\u00bb hover_enabled=\u00a0\u00bb0&Prime; header_2_font_size_tablet=\u00a0\u00bb36px\u00a0\u00bb header_2_font_size_phone=\u00a0\u00bb24px\u00a0\u00bb header_2_font_size_last_edited=\u00a0\u00bbon|phone\u00a0\u00bb header_3_font_size_tablet=\u00a0\u00bb24px\u00a0\u00bb header_3_font_size_phone=\u00a0\u00bb18px\u00a0\u00bb header_3_font_size_last_edited=\u00a0\u00bbon|phone\u00a0\u00bb]<\/p>\n<h2>Aveyron<\/h2>\n<h3>4 jours \/ 3 nuits<\/h3>\n<p>A partir de\u00a0<span style=\"font-size: 50px;\">399 \u20ac<\/span> par personne<\/p>\n<p>[\/et_pb_text][et_pb_button button_url=\u00a0\u00bbhttps:\/\/cfi.carol-voyages.com\/index.php\/fr\/demande-de-devis\/\u00a0\u00bb button_text=\u00a0\u00bbDemande de devis\u00a0\u00bb _builder_version=\u00a0\u00bb4.3.1&Prime; custom_button=\u00a0\u00bbon\u00a0\u00bb button_text_color=\u00a0\u00bb#ffffff\u00a0\u00bb button_bg_color=\u00a0\u00bb#ffba00&Prime; button_border_width=\u00a0\u00bb0px\u00a0\u00bb button_border_radius=\u00a0\u00bb100px\u00a0\u00bb button_font=\u00a0\u00bbOswald|||on|||||\u00a0\u00bb button_icon=\u00a0\u00bb%%28%%\u00a0\u00bb custom_margin=\u00a0\u00bb25px||10px||false|false\u00a0\u00bb custom_margin_tablet=\u00a0\u00bb0px||25px||false|false\u00a0\u00bb custom_margin_phone=\u00a0\u00bb\u00a0\u00bb custom_margin_last_edited=\u00a0\u00bbon|phone\u00a0\u00bb hover_enabled=\u00a0\u00bb0&Prime;][\/et_pb_button][\/et_pb_column][et_pb_column type=\u00a0\u00bb3_5&Prime; _builder_version=\u00a0\u00bb4.3.1&Prime;][et_pb_gallery gallery_ids=\u00a0\u00bb1528,1529,1530,1531,1532,1533&Prime; fullwidth=\u00a0\u00bbon\u00a0\u00bb _builder_version=\u00a0\u00bb4.3.1&Prime; auto=\u00a0\u00bbon\u00a0\u00bb auto_speed=\u00a0\u00bb2700&Prime;][\/et_pb_gallery][\/et_pb_column][\/et_pb_row][\/et_pb_section][et_pb_section fb_built=\u00a0\u00bb1&Prime; _builder_version=\u00a0\u00bb4.3.1&Prime; background_enable_color=\u00a0\u00bboff\u00a0\u00bb background_enable_image=\u00a0\u00bboff\u00a0\u00bb custom_margin=\u00a0\u00bb||||false|false\u00a0\u00bb custom_padding=\u00a0\u00bb50px||||false|false\u00a0\u00bb][et_pb_row _builder_version=\u00a0\u00bb4.3.1&Prime; background_color=\u00a0\u00bb#ffffff\u00a0\u00bb max_width=\u00a0\u00bb980px\u00a0\u00bb max_width_tablet=\u00a0\u00bb100%\u00a0\u00bb max_width_phone=\u00a0\u00bb\u00a0\u00bb max_width_last_edited=\u00a0\u00bbon|phone\u00a0\u00bb custom_padding=\u00a0\u00bb0px||50px||false|false\u00a0\u00bb][et_pb_column type=\u00a0\u00bb4_4&Prime; _builder_version=\u00a0\u00bb4.3.1&Prime;][et_pb_divider _builder_version=\u00a0\u00bb4.3.1&Prime; width=\u00a0\u00bb80%\u00a0\u00bb module_alignment=\u00a0\u00bbcenter\u00a0\u00bb custom_margin=\u00a0\u00bb||0px||false|false\u00a0\u00bb][\/et_pb_divider][et_pb_text _builder_version=\u00a0\u00bb4.3.1&Prime; text_font=\u00a0\u00bb|||on|||||\u00a0\u00bb header_2_font=\u00a0\u00bbOswald||||||||\u00a0\u00bb header_2_font_size=\u00a0\u00bb50px\u00a0\u00bb background_color=\u00a0\u00bb#ffffff\u00a0\u00bb text_orientation=\u00a0\u00bbcenter\u00a0\u00bb custom_margin=\u00a0\u00bb||||false|false\u00a0\u00bb custom_margin_tablet=\u00a0\u00bb|0px||0px|false|false\u00a0\u00bb custom_margin_phone=\u00a0\u00bb\u00a0\u00bb custom_margin_last_edited=\u00a0\u00bbon|phone\u00a0\u00bb custom_padding=\u00a0\u00bb||||false|false\u00a0\u00bb hover_enabled=\u00a0\u00bb0&Prime; header_2_font_size_tablet=\u00a0\u00bb36px\u00a0\u00bb header_2_font_size_phone=\u00a0\u00bb24px\u00a0\u00bb header_2_font_size_last_edited=\u00a0\u00bbon|desktop\u00a0\u00bb]<\/p>\n<h2>Itin\u00e9raire<\/h2>\n<p>[\/et_pb_text][et_pb_divider _builder_version=\u00a0\u00bb4.3.1&Prime; width=\u00a0\u00bb80%\u00a0\u00bb module_alignment=\u00a0\u00bbcenter\u00a0\u00bb custom_margin=\u00a0\u00bb||||false|false\u00a0\u00bb][\/et_pb_divider][et_pb_text _builder_version=\u00a0\u00bb4.3.1&Prime; text_line_height=\u00a0\u00bb1.8em\u00a0\u00bb header_2_font=\u00a0\u00bb||||||||\u00a0\u00bb header_2_text_align=\u00a0\u00bbcenter\u00a0\u00bb header_2_font_size=\u00a0\u00bb50px\u00a0\u00bb header_2_line_height=\u00a0\u00bb2em\u00a0\u00bb header_5_font=\u00a0\u00bb|700||on|||||\u00a0\u00bb header_5_text_color=\u00a0\u00bb#00505e\u00a0\u00bb header_5_font_size=\u00a0\u00bb18px\u00a0\u00bb header_5_line_height=\u00a0\u00bb1.5em\u00a0\u00bb text_orientation=\u00a0\u00bbjustified\u00a0\u00bb custom_margin=\u00a0\u00bb-50px||||false|false\u00a0\u00bb hover_enabled=\u00a0\u00bb0&Prime; header_2_font_size_tablet=\u00a0\u00bb36px\u00a0\u00bb header_2_font_size_phone=\u00a0\u00bb24px\u00a0\u00bb header_2_font_size_last_edited=\u00a0\u00bbon|desktop\u00a0\u00bb]<\/p>\n    \t<div class=\"wpex-timeline-list left-tl  no-more no-end show-simple\" id=\"timeline-2325\" data-animations=\"\">\r\n        \t<div class=\"wpex-loading\">\r\n                <div class=\"wpex-spinner\">\r\n                    <div class=\"rect1\"><\/div>\r\n                    <div class=\"rect2\"><\/div>\r\n                    <div class=\"rect3\"><\/div>\r\n                    <div class=\"rect4\"><\/div>\r\n                    <div class=\"rect5\"><\/div>\r\n                <\/div>\r\n            <\/div>\r\n        \t        \t            <div class=\"wpex-tltitle wpex-loadmore\"><span>Aveyron<\/span><\/div>\r\n                        <ul class=\"wpex wpex-timeline style-left\">\r\n                \r\n\t\t\t\t<li class=\"filter-2325_2566  post-2566 wp-timeline type-wp-timeline status-publish hentry wpex_category-aveyron\" data-id=\"filter-2325_2566\" >\r\n\t<div class=\"\">\r\n                <div class=\"wpex-timeline-label\">\r\n            <time class=\"wpex-timeline-time\" datetime=\"17 h 12 min 10 septembre 2020\">\r\n                <span class=\"s-date\">\r\n\t\t<span class=\"tll-date\">\r\n\t\t\tJOUR 1\r\n\t\t<\/span><\/span>\r\n                                <span class=\"exclearfix\"><\/span>\r\n            <\/time>\r\n            <div class=\"timeline-details\">\r\n                                <div class=\"tlct-shortdes\">\r\n                            <h2 >\r\n            <a href=\"javascript:;\" title=\"Aveyron | Jour 1\">\r\n                Aveyron | Jour 1            <\/a>\r\n        <\/h2>\r\n                            <p><p>Accueil \u00e0 Rodez et transfert en bus et visite d&rsquo;une coutellerie \u00e0 Laguiole avec d\u00e9monstration de montage et visite guid\u00e9e des ateliers.<\/p>\n<p>D\u00e9jeuner dans un restaurant du village. Puis passer Entraygues sur Truy\u00e8re en direction de St Jacques de Compostelle.<\/p>\n<p>Puis arr\u00eatez-vous \u00e0 Estaing class\u00e9 par l&rsquo;UESCO comme \u00abbien naturel\u00bb puis arr\u00eatez-vous dans les villages class\u00e9s \u00abplus beaux villages de France\u00bb de St Comes d&rsquo;Olt et Ste Eulalie d&rsquo;Olt. Route vers Rodez et installation au Campanile 3 \u00e9toiles ou \u00e0 l&rsquo;Ibis Rodez.<\/p>\n<p>D\u00eener libre et nuit \u00e0 l&rsquo;h\u00f4tel.<\/p>\n<\/p>\r\n                                    <\/div>\r\n            <\/div>\r\n            <div class=\"exclearfix\"><\/div>\r\n                    <\/div>\r\n    <\/div>\r\n    <div class=\"wpex-timeline-icon\">\r\n        <a href=\"javascript:;\" title=\"Aveyron | Jour 1\"><i class=\"fa fa-circle\"><\/i><\/a>\r\n    <\/div>\r\n            <\/li><li class=\"filter-2325_2567  post-2567 wp-timeline type-wp-timeline status-publish hentry wpex_category-aveyron\" data-id=\"filter-2325_2567\" >\r\n\t<div class=\"\">\r\n                <div class=\"wpex-timeline-label\">\r\n            <time class=\"wpex-timeline-time\" datetime=\"17 h 13 min 10 septembre 2020\">\r\n                <span class=\"s-date\">\r\n\t\t<span class=\"tll-date\">\r\n\t\t\tJOUR 2\r\n\t\t<\/span><\/span>\r\n                                <span class=\"exclearfix\"><\/span>\r\n            <\/time>\r\n            <div class=\"timeline-details\">\r\n                                <div class=\"tlct-shortdes\">\r\n                            <h2 >\r\n            <a href=\"javascript:;\" title=\"Aveyron | Jour 2\">\r\n                Aveyron | Jour 2            <\/a>\r\n        <\/h2>\r\n                            <p><p>Petit d\u00e9jeuner \u00e0 l&rsquo;h\u00f4tel.<\/p>\n<p>Le matin, route vers Belcastel et arr\u00eat dans l&rsquo;un des plus beaux villages de France. Puis Conques pour une visite guid\u00e9e de l&rsquo;abbaye avec son abbaye Ste Foy et son tympan du jugement dernier.<\/p>\n<p>D\u00e9jeuner \u00e0 Conques dans un restaurant local.<\/p>\n<p>Route vers Villefranche de Rouergue et arr\u00eat \u00e0 la chapelle des p\u00e9nitents noirs. Puis visite de Najac et visite de la forteresse royale et du village<\/p>\n<p>Retour \u00e0 Rodez<\/p>\n<p>D\u00eener libre et nuit \u00e0 l&rsquo;h\u00f4tel.<\/p>\n<\/p>\r\n                                    <\/div>\r\n            <\/div>\r\n            <div class=\"exclearfix\"><\/div>\r\n                    <\/div>\r\n    <\/div>\r\n    <div class=\"wpex-timeline-icon\">\r\n        <a href=\"javascript:;\" title=\"Aveyron | Jour 2\"><i class=\"fa fa-circle\"><\/i><\/a>\r\n    <\/div>\r\n            <\/li><li class=\"filter-2325_2568  post-2568 wp-timeline type-wp-timeline status-publish hentry wpex_category-aveyron\" data-id=\"filter-2325_2568\" >\r\n\t<div class=\"\">\r\n                <div class=\"wpex-timeline-label\">\r\n            <time class=\"wpex-timeline-time\" datetime=\"17 h 13 min 10 septembre 2020\">\r\n                <span class=\"s-date\">\r\n\t\t<span class=\"tll-date\">\r\n\t\t\tJOUR 3\r\n\t\t<\/span><\/span>\r\n                                <span class=\"exclearfix\"><\/span>\r\n            <\/time>\r\n            <div class=\"timeline-details\">\r\n                                <div class=\"tlct-shortdes\">\r\n                            <h2 >\r\n            <a href=\"javascript:;\" title=\"Aveyron | Jour 3\">\r\n                Aveyron | Jour 3            <\/a>\r\n        <\/h2>\r\n                            <p><p>Petit d\u00e9jeuner \u00e0 l&rsquo;h\u00f4tel. D\u00e9part en bus vers Millau pour une visite guid\u00e9e du plus haut viaduc du monde (343 m\u00e8tres).<\/p>\n<p>D\u00e9jeuner au village de Peyre<\/p>\n<p>Dans l&rsquo;apr\u00e8s-midi, visite des caves de Roquefort pour d\u00e9couvrir les proc\u00e9d\u00e9s et les secrets de fabrication du fromage de Roquefort.<\/p>\n<p>Continuation pour une visite du ch\u00e2teau m\u00e9di\u00e9val de Brousse<\/p>\n<p>Retour \u00e0 Rodez<\/p>\n<p>D\u00eener libre et nuit \u00e0 l&rsquo;h\u00f4tel.<\/p>\n<\/p>\r\n                                    <\/div>\r\n            <\/div>\r\n            <div class=\"exclearfix\"><\/div>\r\n                    <\/div>\r\n    <\/div>\r\n    <div class=\"wpex-timeline-icon\">\r\n        <a href=\"javascript:;\" title=\"Aveyron | Jour 3\"><i class=\"fa fa-circle\"><\/i><\/a>\r\n    <\/div>\r\n            <\/li><li class=\"filter-2325_2570  post-2570 wp-timeline type-wp-timeline status-publish hentry wpex_category-aveyron\" data-id=\"filter-2325_2570\" >\r\n\t<div class=\"\">\r\n                <div class=\"wpex-timeline-label\">\r\n            <time class=\"wpex-timeline-time\" datetime=\"17 h 14 min 10 septembre 2020\">\r\n                <span class=\"s-date\">\r\n\t\t<span class=\"tll-date\">\r\n\t\t\tJOUR 4\r\n\t\t<\/span><\/span>\r\n                                <span class=\"exclearfix\"><\/span>\r\n            <\/time>\r\n            <div class=\"timeline-details\">\r\n                                <div class=\"tlct-shortdes\">\r\n                            <h2 >\r\n            <a href=\"javascript:;\" title=\"Aveyron | Jour 4\">\r\n                Aveyron | Jour 4            <\/a>\r\n        <\/h2>\r\n                            <p><p>Petit d\u00e9jeuner \u00e0 l&rsquo;h\u00f4tel et d\u00e9part<\/p>\n<p>Dans la matin\u00e9e visite de la ville de Rodez avec le mus\u00e9e Soulages, puis le mus\u00e9e Fenaille, et terminer par le centre historique avec sa cath\u00e9drale Notre Dame<\/p>\n<p>Fin des services<\/p>\n<\/p>\r\n                                    <\/div>\r\n            <\/div>\r\n            <div class=\"exclearfix\"><\/div>\r\n                    <\/div>\r\n    <\/div>\r\n    <div class=\"wpex-timeline-icon\">\r\n        <a href=\"javascript:;\" title=\"Aveyron | Jour 4\"><i class=\"fa fa-circle\"><\/i><\/a>\r\n    <\/div>\r\n            <\/li>            <\/ul>\r\n                    <\/div>\r\n        <div class=\"exclearfix\"><\/div>\r\n\t\t\n<p>[\/et_pb_text][\/et_pb_column][\/et_pb_row][et_pb_row column_structure=\u00a0\u00bb1_2,1_2&Prime; _builder_version=\u00a0\u00bb4.3.1&Prime; custom_padding=\u00a0\u00bb0px|||||\u00a0\u00bb][et_pb_column type=\u00a0\u00bb1_2&Prime; _builder_version=\u00a0\u00bb4.3.1&Prime;][et_pb_button button_url=\u00a0\u00bbhttps:\/\/cfi.carol-voyages.com\/index.php\/fr\/demande-de-devis\/\u00a0\u00bb button_text=\u00a0\u00bbDemande de devis\u00a0\u00bb button_alignment=\u00a0\u00bbright\u00a0\u00bb button_alignment_tablet=\u00a0\u00bbcenter\u00a0\u00bb button_alignment_phone=\u00a0\u00bb\u00a0\u00bb button_alignment_last_edited=\u00a0\u00bbon|tablet\u00a0\u00bb _builder_version=\u00a0\u00bb4.3.1&Prime; custom_button=\u00a0\u00bbon\u00a0\u00bb button_text_color=\u00a0\u00bb#ffffff\u00a0\u00bb button_bg_color=\u00a0\u00bb#ffba00&Prime; button_border_width=\u00a0\u00bb0px\u00a0\u00bb button_border_radius=\u00a0\u00bb100px\u00a0\u00bb button_font=\u00a0\u00bbOswald|||on|||||\u00a0\u00bb button_icon=\u00a0\u00bb%%28%%\u00a0\u00bb custom_margin=\u00a0\u00bb||||false|false\u00a0\u00bb][\/et_pb_button][\/et_pb_column][et_pb_column type=\u00a0\u00bb1_2&Prime; _builder_version=\u00a0\u00bb4.3.1&Prime;][et_pb_button button_url=\u00a0\u00bbhttps:\/\/cfi.carol-voyages.com\/index.php\/fr\/conditions-generales-pour-les-groupes\/\u00a0\u00bb button_text=\u00a0\u00bbConditions\u00a0\u00bb button_alignment=\u00a0\u00bbleft\u00a0\u00bb button_alignment_tablet=\u00a0\u00bbcenter\u00a0\u00bb button_alignment_phone=\u00a0\u00bb\u00a0\u00bb button_alignment_last_edited=\u00a0\u00bbon|tablet\u00a0\u00bb _builder_version=\u00a0\u00bb4.3.1&Prime; custom_button=\u00a0\u00bbon\u00a0\u00bb button_text_color=\u00a0\u00bb#ffba00&Prime; button_border_width=\u00a0\u00bb2px\u00a0\u00bb button_border_radius=\u00a0\u00bb100px\u00a0\u00bb button_font=\u00a0\u00bbOswald|||on|||||\u00a0\u00bb button_icon=\u00a0\u00bb%%28%%\u00a0\u00bb custom_margin=\u00a0\u00bb||||false|false\u00a0\u00bb button_bg_color__hover_enabled=\u00a0\u00bbon|hover\u00a0\u00bb button_bg_color__hover=\u00a0\u00bb#ffba00&Prime; button_bg_enable_color__hover=\u00a0\u00bbon\u00a0\u00bb button_text_color__hover_enabled=\u00a0\u00bbon|hover\u00a0\u00bb button_text_color__hover=\u00a0\u00bb#ffffff\u00a0\u00bb][\/et_pb_button][\/et_pb_column][\/et_pb_row][\/et_pb_section]<\/p>\n","protected":false},"excerpt":{"rendered":"<p>[et_pb_section fb_built=\u00a0\u00bb1&Prime; _builder_version=\u00a0\u00bb4.3.1&Prime; custom_padding=\u00a0\u00bb0px||||false|false\u00a0\u00bb][et_pb_row _builder_version=\u00a0\u00bb4.3.1&Prime; width=\u00a0\u00bb90%\u00a0\u00bb max_width=\u00a0\u00bb100%\u00a0\u00bb custom_padding=\u00a0\u00bb||0px|||\u00a0\u00bb][et_pb_column type=\u00a0\u00bb4_4&Prime; _builder_version=\u00a0\u00bb4.3.1&Prime;][et_pb_text disabled_on=\u00a0\u00bbon|on|off\u00a0\u00bb _builder_version=\u00a0\u00bb4.3.1&Prime; text_font=\u00a0\u00bbMontserrat|300|||||||\u00a0\u00bb text_text_color=\u00a0\u00bb#000000&Prime; link_font=\u00a0\u00bbMontserrat||||||||\u00a0\u00bb link_text_color=\u00a0\u00bb#000000&Prime;][\/et_pb_text][\/et_pb_column][\/et_pb_row][et_pb_row _builder_version=\u00a0\u00bb4.3.1&Prime; custom_padding=\u00a0\u00bb||0px|||\u00a0\u00bb][et_pb_column type=\u00a0\u00bb4_4&Prime; _builder_version=\u00a0\u00bb4.3.1&Prime;][et_pb_text _builder_version=\u00a0\u00bb4.3.1&Prime; text_font=\u00a0\u00bbMontserrat||||||||\u00a0\u00bb header_font=\u00a0\u00bbMontserrat||||||||\u00a0\u00bb header_font_size=\u00a0\u00bb50px\u00a0\u00bb header_2_font=\u00a0\u00bbOswald||||||||\u00a0\u00bb header_2_text_align=\u00a0\u00bbcenter\u00a0\u00bb header_2_text_color=\u00a0\u00bb#ffba00&Prime; header_2_font_size=\u00a0\u00bb60px\u00a0\u00bb header_2_line_height=\u00a0\u00bb1.5em\u00a0\u00bb text_orientation=\u00a0\u00bbcenter\u00a0\u00bb hover_enabled=\u00a0\u00bb0&Prime; header_2_font_size_tablet=\u00a0\u00bb36px\u00a0\u00bb header_2_font_size_phone=\u00a0\u00bb24px\u00a0\u00bb header_2_font_size_last_edited=\u00a0\u00bbon|phone\u00a0\u00bb] \u2022 Aveyron \u2022 Rodez &#8211; Entraygues sur Truyere &#8211; Estaing &#8211; Saint Comes d\u2019Olt &#8211; Sainte Eulalie d\u2019Olt &#8211; Belcastel &#8211; [&hellip;]<\/p>\n","protected":false},"author":1,"featured_media":0,"parent":2868,"menu_order":0,"comment_status":"closed","ping_status":"closed","template":"","meta":{"_et_pb_use_builder":"on","_et_pb_old_content":"","_et_gb_content_width":"","footnotes":""},"class_list":["post-2870","page","type-page","status-publish","hentry"],"yoast_head":"<!-- This site is optimized with the Yoast SEO plugin v27.4 - https:\/\/yoast.com\/product\/yoast-seo-wordpress\/ -->\n<title>Aveyron - Carol France Incoming<\/title>\n<meta name=\"robots\" content=\"index, follow, max-snippet:-1, max-image-preview:large, max-video-preview:-1\" \/>\n<link rel=\"canonical\" href=\"https:\/\/cfi.carol-voyages.com\/index.php\/fr\/circuits\/occitanie\/aveyron\/\" \/>\n<meta property=\"og:locale\" content=\"fr_FR\" \/>\n<meta property=\"og:type\" content=\"article\" \/>\n<meta property=\"og:title\" content=\"Aveyron - Carol France Incoming\" \/>\n<meta property=\"og:description\" content=\"[et_pb_section fb_built=\u00a0\u00bb1&Prime; _builder_version=\u00a0\u00bb4.3.1&Prime; custom_padding=\u00a0\u00bb0px||||false|false\u00a0\u00bb][et_pb_row _builder_version=\u00a0\u00bb4.3.1&Prime; width=\u00a0\u00bb90%\u00a0\u00bb max_width=\u00a0\u00bb100%\u00a0\u00bb custom_padding=\u00a0\u00bb||0px|||\u00a0\u00bb][et_pb_column type=\u00a0\u00bb4_4&Prime; _builder_version=\u00a0\u00bb4.3.1&Prime;][et_pb_text disabled_on=\u00a0\u00bbon|on|off\u00a0\u00bb _builder_version=\u00a0\u00bb4.3.1&Prime; text_font=\u00a0\u00bbMontserrat|300|||||||\u00a0\u00bb text_text_color=\u00a0\u00bb#000000&Prime; link_font=\u00a0\u00bbMontserrat||||||||\u00a0\u00bb link_text_color=\u00a0\u00bb#000000&Prime;][\/et_pb_text][\/et_pb_column][\/et_pb_row][et_pb_row _builder_version=\u00a0\u00bb4.3.1&Prime; custom_padding=\u00a0\u00bb||0px|||\u00a0\u00bb][et_pb_column type=\u00a0\u00bb4_4&Prime; _builder_version=\u00a0\u00bb4.3.1&Prime;][et_pb_text _builder_version=\u00a0\u00bb4.3.1&Prime; text_font=\u00a0\u00bbMontserrat||||||||\u00a0\u00bb header_font=\u00a0\u00bbMontserrat||||||||\u00a0\u00bb header_font_size=\u00a0\u00bb50px\u00a0\u00bb header_2_font=\u00a0\u00bbOswald||||||||\u00a0\u00bb header_2_text_align=\u00a0\u00bbcenter\u00a0\u00bb header_2_text_color=\u00a0\u00bb#ffba00&Prime; header_2_font_size=\u00a0\u00bb60px\u00a0\u00bb header_2_line_height=\u00a0\u00bb1.5em\u00a0\u00bb text_orientation=\u00a0\u00bbcenter\u00a0\u00bb hover_enabled=\u00a0\u00bb0&Prime; header_2_font_size_tablet=\u00a0\u00bb36px\u00a0\u00bb header_2_font_size_phone=\u00a0\u00bb24px\u00a0\u00bb header_2_font_size_last_edited=\u00a0\u00bbon|phone\u00a0\u00bb] \u2022 Aveyron \u2022 Rodez &#8211; Entraygues sur Truyere &#8211; Estaing &#8211; Saint Comes d\u2019Olt &#8211; Sainte Eulalie d\u2019Olt &#8211; Belcastel &#8211; [&hellip;]\" \/>\n<meta property=\"og:url\" content=\"https:\/\/cfi.carol-voyages.com\/index.php\/fr\/circuits\/occitanie\/aveyron\/\" \/>\n<meta property=\"og:site_name\" content=\"Carol France Incoming\" \/>\n<meta name=\"twitter:card\" content=\"summary_large_image\" \/>\n<meta name=\"twitter:label1\" content=\"Dur\u00e9e de lecture estim\u00e9e\" \/>\n\t<meta name=\"twitter:data1\" content=\"4 minutes\" \/>\n<script type=\"application\/ld+json\" class=\"yoast-schema-graph\">{\"@context\":\"https:\\\/\\\/schema.org\",\"@graph\":[{\"@type\":\"WebPage\",\"@id\":\"https:\\\/\\\/cfi.carol-voyages.com\\\/index.php\\\/fr\\\/circuits\\\/occitanie\\\/aveyron\\\/\",\"url\":\"https:\\\/\\\/cfi.carol-voyages.com\\\/index.php\\\/fr\\\/circuits\\\/occitanie\\\/aveyron\\\/\",\"name\":\"Aveyron - Carol France Incoming\",\"isPartOf\":{\"@id\":\"https:\\\/\\\/cfi.carol-voyages.com\\\/#website\"},\"datePublished\":\"2020-09-10T17:47:47+00:00\",\"breadcrumb\":{\"@id\":\"https:\\\/\\\/cfi.carol-voyages.com\\\/index.php\\\/fr\\\/circuits\\\/occitanie\\\/aveyron\\\/#breadcrumb\"},\"inLanguage\":\"fr-FR\",\"potentialAction\":[{\"@type\":\"ReadAction\",\"target\":[\"https:\\\/\\\/cfi.carol-voyages.com\\\/index.php\\\/fr\\\/circuits\\\/occitanie\\\/aveyron\\\/\"]}]},{\"@type\":\"BreadcrumbList\",\"@id\":\"https:\\\/\\\/cfi.carol-voyages.com\\\/index.php\\\/fr\\\/circuits\\\/occitanie\\\/aveyron\\\/#breadcrumb\",\"itemListElement\":[{\"@type\":\"ListItem\",\"position\":1,\"name\":\"Home\",\"item\":\"https:\\\/\\\/cfi.carol-voyages.com\\\/\"},{\"@type\":\"ListItem\",\"position\":2,\"name\":\"Circuits\",\"item\":\"https:\\\/\\\/cfi.carol-voyages.com\\\/index.php\\\/fr\\\/circuits\\\/\"},{\"@type\":\"ListItem\",\"position\":3,\"name\":\"Occitanie\",\"item\":\"https:\\\/\\\/cfi.carol-voyages.com\\\/index.php\\\/fr\\\/circuits\\\/occitanie\\\/\"},{\"@type\":\"ListItem\",\"position\":4,\"name\":\"Aveyron\"}]},{\"@type\":\"WebSite\",\"@id\":\"https:\\\/\\\/cfi.carol-voyages.com\\\/#website\",\"url\":\"https:\\\/\\\/cfi.carol-voyages.com\\\/\",\"name\":\"Carol France Incoming\",\"description\":\"Your DMC in France\",\"publisher\":{\"@id\":\"https:\\\/\\\/cfi.carol-voyages.com\\\/#organization\"},\"potentialAction\":[{\"@type\":\"SearchAction\",\"target\":{\"@type\":\"EntryPoint\",\"urlTemplate\":\"https:\\\/\\\/cfi.carol-voyages.com\\\/?s={search_term_string}\"},\"query-input\":{\"@type\":\"PropertyValueSpecification\",\"valueRequired\":true,\"valueName\":\"search_term_string\"}}],\"inLanguage\":\"fr-FR\"},{\"@type\":\"Organization\",\"@id\":\"https:\\\/\\\/cfi.carol-voyages.com\\\/#organization\",\"name\":\"Carol France Incoming\",\"url\":\"https:\\\/\\\/cfi.carol-voyages.com\\\/\",\"logo\":{\"@type\":\"ImageObject\",\"inLanguage\":\"fr-FR\",\"@id\":\"https:\\\/\\\/cfi.carol-voyages.com\\\/#\\\/schema\\\/logo\\\/image\\\/\",\"url\":\"https:\\\/\\\/cfi.carol-voyages.com\\\/wp-content\\\/uploads\\\/2020\\\/02\\\/logo-carol-france-incoming.jpg\",\"contentUrl\":\"https:\\\/\\\/cfi.carol-voyages.com\\\/wp-content\\\/uploads\\\/2020\\\/02\\\/logo-carol-france-incoming.jpg\",\"width\":321,\"height\":151,\"caption\":\"Carol France Incoming\"},\"image\":{\"@id\":\"https:\\\/\\\/cfi.carol-voyages.com\\\/#\\\/schema\\\/logo\\\/image\\\/\"}}]}<\/script>\n<!-- \/ Yoast SEO plugin. -->","yoast_head_json":{"title":"Aveyron - Carol France Incoming","robots":{"index":"index","follow":"follow","max-snippet":"max-snippet:-1","max-image-preview":"max-image-preview:large","max-video-preview":"max-video-preview:-1"},"canonical":"https:\/\/cfi.carol-voyages.com\/index.php\/fr\/circuits\/occitanie\/aveyron\/","og_locale":"fr_FR","og_type":"article","og_title":"Aveyron - Carol France Incoming","og_description":"[et_pb_section fb_built=\u00a0\u00bb1&Prime; _builder_version=\u00a0\u00bb4.3.1&Prime; custom_padding=\u00a0\u00bb0px||||false|false\u00a0\u00bb][et_pb_row _builder_version=\u00a0\u00bb4.3.1&Prime; width=\u00a0\u00bb90%\u00a0\u00bb max_width=\u00a0\u00bb100%\u00a0\u00bb custom_padding=\u00a0\u00bb||0px|||\u00a0\u00bb][et_pb_column type=\u00a0\u00bb4_4&Prime; _builder_version=\u00a0\u00bb4.3.1&Prime;][et_pb_text disabled_on=\u00a0\u00bbon|on|off\u00a0\u00bb _builder_version=\u00a0\u00bb4.3.1&Prime; text_font=\u00a0\u00bbMontserrat|300|||||||\u00a0\u00bb text_text_color=\u00a0\u00bb#000000&Prime; link_font=\u00a0\u00bbMontserrat||||||||\u00a0\u00bb link_text_color=\u00a0\u00bb#000000&Prime;][\/et_pb_text][\/et_pb_column][\/et_pb_row][et_pb_row _builder_version=\u00a0\u00bb4.3.1&Prime; custom_padding=\u00a0\u00bb||0px|||\u00a0\u00bb][et_pb_column type=\u00a0\u00bb4_4&Prime; _builder_version=\u00a0\u00bb4.3.1&Prime;][et_pb_text _builder_version=\u00a0\u00bb4.3.1&Prime; text_font=\u00a0\u00bbMontserrat||||||||\u00a0\u00bb header_font=\u00a0\u00bbMontserrat||||||||\u00a0\u00bb header_font_size=\u00a0\u00bb50px\u00a0\u00bb header_2_font=\u00a0\u00bbOswald||||||||\u00a0\u00bb header_2_text_align=\u00a0\u00bbcenter\u00a0\u00bb header_2_text_color=\u00a0\u00bb#ffba00&Prime; header_2_font_size=\u00a0\u00bb60px\u00a0\u00bb header_2_line_height=\u00a0\u00bb1.5em\u00a0\u00bb text_orientation=\u00a0\u00bbcenter\u00a0\u00bb hover_enabled=\u00a0\u00bb0&Prime; header_2_font_size_tablet=\u00a0\u00bb36px\u00a0\u00bb header_2_font_size_phone=\u00a0\u00bb24px\u00a0\u00bb header_2_font_size_last_edited=\u00a0\u00bbon|phone\u00a0\u00bb] \u2022 Aveyron \u2022 Rodez &#8211; Entraygues sur Truyere &#8211; Estaing &#8211; Saint Comes d\u2019Olt &#8211; Sainte Eulalie d\u2019Olt &#8211; Belcastel &#8211; [&hellip;]","og_url":"https:\/\/cfi.carol-voyages.com\/index.php\/fr\/circuits\/occitanie\/aveyron\/","og_site_name":"Carol France Incoming","twitter_card":"summary_large_image","twitter_misc":{"Dur\u00e9e de lecture estim\u00e9e":"4 minutes"},"schema":{"@context":"https:\/\/schema.org","@graph":[{"@type":"WebPage","@id":"https:\/\/cfi.carol-voyages.com\/index.php\/fr\/circuits\/occitanie\/aveyron\/","url":"https:\/\/cfi.carol-voyages.com\/index.php\/fr\/circuits\/occitanie\/aveyron\/","name":"Aveyron - Carol France Incoming","isPartOf":{"@id":"https:\/\/cfi.carol-voyages.com\/#website"},"datePublished":"2020-09-10T17:47:47+00:00","breadcrumb":{"@id":"https:\/\/cfi.carol-voyages.com\/index.php\/fr\/circuits\/occitanie\/aveyron\/#breadcrumb"},"inLanguage":"fr-FR","potentialAction":[{"@type":"ReadAction","target":["https:\/\/cfi.carol-voyages.com\/index.php\/fr\/circuits\/occitanie\/aveyron\/"]}]},{"@type":"BreadcrumbList","@id":"https:\/\/cfi.carol-voyages.com\/index.php\/fr\/circuits\/occitanie\/aveyron\/#breadcrumb","itemListElement":[{"@type":"ListItem","position":1,"name":"Home","item":"https:\/\/cfi.carol-voyages.com\/"},{"@type":"ListItem","position":2,"name":"Circuits","item":"https:\/\/cfi.carol-voyages.com\/index.php\/fr\/circuits\/"},{"@type":"ListItem","position":3,"name":"Occitanie","item":"https:\/\/cfi.carol-voyages.com\/index.php\/fr\/circuits\/occitanie\/"},{"@type":"ListItem","position":4,"name":"Aveyron"}]},{"@type":"WebSite","@id":"https:\/\/cfi.carol-voyages.com\/#website","url":"https:\/\/cfi.carol-voyages.com\/","name":"Carol France Incoming","description":"Your DMC in France","publisher":{"@id":"https:\/\/cfi.carol-voyages.com\/#organization"},"potentialAction":[{"@type":"SearchAction","target":{"@type":"EntryPoint","urlTemplate":"https:\/\/cfi.carol-voyages.com\/?s={search_term_string}"},"query-input":{"@type":"PropertyValueSpecification","valueRequired":true,"valueName":"search_term_string"}}],"inLanguage":"fr-FR"},{"@type":"Organization","@id":"https:\/\/cfi.carol-voyages.com\/#organization","name":"Carol France Incoming","url":"https:\/\/cfi.carol-voyages.com\/","logo":{"@type":"ImageObject","inLanguage":"fr-FR","@id":"https:\/\/cfi.carol-voyages.com\/#\/schema\/logo\/image\/","url":"https:\/\/cfi.carol-voyages.com\/wp-content\/uploads\/2020\/02\/logo-carol-france-incoming.jpg","contentUrl":"https:\/\/cfi.carol-voyages.com\/wp-content\/uploads\/2020\/02\/logo-carol-france-incoming.jpg","width":321,"height":151,"caption":"Carol France Incoming"},"image":{"@id":"https:\/\/cfi.carol-voyages.com\/#\/schema\/logo\/image\/"}}]}},"_links":{"self":[{"href":"https:\/\/cfi.carol-voyages.com\/index.php\/wp-json\/wp\/v2\/pages\/2870","targetHints":{"allow":["GET"]}}],"collection":[{"href":"https:\/\/cfi.carol-voyages.com\/index.php\/wp-json\/wp\/v2\/pages"}],"about":[{"href":"https:\/\/cfi.carol-voyages.com\/index.php\/wp-json\/wp\/v2\/types\/page"}],"author":[{"embeddable":true,"href":"https:\/\/cfi.carol-voyages.com\/index.php\/wp-json\/wp\/v2\/users\/1"}],"replies":[{"embeddable":true,"href":"https:\/\/cfi.carol-voyages.com\/index.php\/wp-json\/wp\/v2\/comments?post=2870"}],"version-history":[{"count":3,"href":"https:\/\/cfi.carol-voyages.com\/index.php\/wp-json\/wp\/v2\/pages\/2870\/revisions"}],"predecessor-version":[{"id":2875,"href":"https:\/\/cfi.carol-voyages.com\/index.php\/wp-json\/wp\/v2\/pages\/2870\/revisions\/2875"}],"up":[{"embeddable":true,"href":"https:\/\/cfi.carol-voyages.com\/index.php\/wp-json\/wp\/v2\/pages\/2868"}],"wp:attachment":[{"href":"https:\/\/cfi.carol-voyages.com\/index.php\/wp-json\/wp\/v2\/media?parent=2870"}],"curies":[{"name":"wp","href":"https:\/\/api.w.org\/{rel}","templated":true}]}}