{"id":2656,"date":"2020-09-10T18:08:54","date_gmt":"2020-09-10T16:08:54","guid":{"rendered":"https:\/\/cfi.carol-voyages.com\/?page_id=2656"},"modified":"2020-09-10T18:08:54","modified_gmt":"2020-09-10T16:08:54","slug":"ouest-express","status":"publish","type":"page","link":"https:\/\/cfi.carol-voyages.com\/index.php\/fr\/circuits\/bretagne\/ouest-express\/","title":{"rendered":"Ouest Express"},"content":{"rendered":"<p>[et_pb_section fb_built=\u00a0\u00bb1&Prime; _builder_version=\u00a0\u00bb4.3.1&Prime; custom_padding=\u00a0\u00bb0px||||false|false\u00a0\u00bb][et_pb_row _builder_version=\u00a0\u00bb4.3.1&Prime; width=\u00a0\u00bb90%\u00a0\u00bb max_width=\u00a0\u00bb100%\u00a0\u00bb custom_padding=\u00a0\u00bb||0px|||\u00a0\u00bb][et_pb_column type=\u00a0\u00bb4_4&Prime; _builder_version=\u00a0\u00bb4.3.1&Prime;][et_pb_text disabled_on=\u00a0\u00bbon|on|off\u00a0\u00bb _builder_version=\u00a0\u00bb4.3.1&Prime; text_font=\u00a0\u00bbMontserrat|300|||||||\u00a0\u00bb text_text_color=\u00a0\u00bb#000000&Prime; link_font=\u00a0\u00bbMontserrat||||||||\u00a0\u00bb link_text_color=\u00a0\u00bb#000000&Prime;]<span><span><a href=\"https:\/\/cfi.carol-voyages.com\/\">Home<\/a><\/span><\/span>[\/et_pb_text][\/et_pb_column][\/et_pb_row][et_pb_row _builder_version=\u00a0\u00bb4.3.1&Prime; custom_padding=\u00a0\u00bb||0px|||\u00a0\u00bb][et_pb_column type=\u00a0\u00bb4_4&Prime; _builder_version=\u00a0\u00bb4.3.1&Prime;][et_pb_text _builder_version=\u00a0\u00bb4.3.1&Prime; text_font=\u00a0\u00bbMontserrat||||||||\u00a0\u00bb header_font=\u00a0\u00bbMontserrat||||||||\u00a0\u00bb header_font_size=\u00a0\u00bb50px\u00a0\u00bb header_2_font=\u00a0\u00bbOswald||||||||\u00a0\u00bb header_2_text_align=\u00a0\u00bbcenter\u00a0\u00bb header_2_text_color=\u00a0\u00bb#ffba00&Prime; header_2_font_size=\u00a0\u00bb60px\u00a0\u00bb header_2_line_height=\u00a0\u00bb1.5em\u00a0\u00bb text_orientation=\u00a0\u00bbcenter\u00a0\u00bb hover_enabled=\u00a0\u00bb0&Prime; header_2_font_size_tablet=\u00a0\u00bb36px\u00a0\u00bb header_2_font_size_phone=\u00a0\u00bb24px\u00a0\u00bb header_2_font_size_last_edited=\u00a0\u00bbon|phone\u00a0\u00bb]<\/p>\n<h2>\u2022 Ouest Express \u2022<\/h2>\n<p class=\"p2\">Paris &#8211; Giverny &#8211; Honfleur &#8211; Deauville &#8211; Arromanches &#8211; Bayeux &#8211; Colleville sur Mer &#8211; Avranches &#8211; Mont Saint Michel &#8211; Cancale &#8211; Saint Malo &#8211; Saint Brieuc &#8211; Paimpol &#8211; Morlaix &#8211; Quimper &#8211; Concarneau &#8211; Carnac &#8211; Vannes &#8211; Saumur &#8211; Fontevreau<\/p>\n<p>[\/et_pb_text][\/et_pb_column][\/et_pb_row][\/et_pb_section][et_pb_section fb_built=\u00a0\u00bb1&Prime; _builder_version=\u00a0\u00bb4.3.1&Prime; background_color=\u00a0\u00bbrgba(0,80,94,0.05)\u00a0\u00bb custom_padding=\u00a0\u00bb0px||0px|||\u00a0\u00bb][et_pb_row column_structure=\u00a0\u00bb2_5,3_5&Prime; use_custom_gutter=\u00a0\u00bbon\u00a0\u00bb gutter_width=\u00a0\u00bb1&Prime; make_equal=\u00a0\u00bbon\u00a0\u00bb _builder_version=\u00a0\u00bb4.3.1&Prime; max_width=\u00a0\u00bb1200px\u00a0\u00bb custom_padding=\u00a0\u00bb0px||0px|||\u00a0\u00bb][et_pb_column type=\u00a0\u00bb2_5&Prime; module_class=\u00a0\u00bbds-vertical-align\u00a0\u00bb _builder_version=\u00a0\u00bb4.3.1&Prime;][et_pb_text _builder_version=\u00a0\u00bb4.3.1&Prime; text_font=\u00a0\u00bbMontserrat||||||||\u00a0\u00bb text_line_height=\u00a0\u00bb2.5em\u00a0\u00bb header_2_font=\u00a0\u00bbOswald||||||||\u00a0\u00bb header_2_text_color=\u00a0\u00bb#ffba00&Prime; header_2_font_size=\u00a0\u00bb60px\u00a0\u00bb header_2_line_height=\u00a0\u00bb1.5em\u00a0\u00bb header_3_font=\u00a0\u00bbMontserrat||||||||\u00a0\u00bb header_3_font_size=\u00a0\u00bb36px\u00a0\u00bb header_3_line_height=\u00a0\u00bb2em\u00a0\u00bb custom_padding_tablet=\u00a0\u00bb25px||25px||false|false\u00a0\u00bb custom_padding_phone=\u00a0\u00bb\u00a0\u00bb custom_padding_last_edited=\u00a0\u00bbon|tablet\u00a0\u00bb hover_enabled=\u00a0\u00bb0&Prime; header_2_font_size_tablet=\u00a0\u00bb36px\u00a0\u00bb header_2_font_size_phone=\u00a0\u00bb24px\u00a0\u00bb header_2_font_size_last_edited=\u00a0\u00bbon|phone\u00a0\u00bb header_3_font_size_tablet=\u00a0\u00bb24px\u00a0\u00bb header_3_font_size_phone=\u00a0\u00bb18px\u00a0\u00bb header_3_font_size_last_edited=\u00a0\u00bbon|phone\u00a0\u00bb]<\/p>\n<h2>Ouest Express<\/h2>\n<h3>12 jours \/ 11 nuits<\/h3>\n<p>A partir de\u00a0<span style=\"font-size: 50px;\">999 \u20ac<\/span> par personne<\/p>\n<p>[\/et_pb_text][et_pb_button button_url=\u00a0\u00bbhttps:\/\/cfi.carol-voyages.com\/index.php\/fr\/demande-de-devis\/\u00a0\u00bb button_text=\u00a0\u00bbDemande de devis\u00a0\u00bb _builder_version=\u00a0\u00bb4.3.1&Prime; custom_button=\u00a0\u00bbon\u00a0\u00bb button_text_color=\u00a0\u00bb#ffffff\u00a0\u00bb button_bg_color=\u00a0\u00bb#ffba00&Prime; button_border_width=\u00a0\u00bb0px\u00a0\u00bb button_border_radius=\u00a0\u00bb100px\u00a0\u00bb button_font=\u00a0\u00bbOswald|||on|||||\u00a0\u00bb button_icon=\u00a0\u00bb%%28%%\u00a0\u00bb custom_margin=\u00a0\u00bb50px||||false|false\u00a0\u00bb custom_margin_tablet=\u00a0\u00bb0px||25px||false|false\u00a0\u00bb custom_margin_phone=\u00a0\u00bb\u00a0\u00bb custom_margin_last_edited=\u00a0\u00bbon|phone\u00a0\u00bb hover_enabled=\u00a0\u00bb0&Prime;][\/et_pb_button][\/et_pb_column][et_pb_column type=\u00a0\u00bb3_5&Prime; _builder_version=\u00a0\u00bb4.3.1&Prime;][et_pb_gallery gallery_ids=\u00a0\u00bb1428,1429,1419,1421,1422,1424,1408,1412,1413,1414&Prime; fullwidth=\u00a0\u00bbon\u00a0\u00bb _builder_version=\u00a0\u00bb4.3.1&Prime; auto=\u00a0\u00bbon\u00a0\u00bb auto_speed=\u00a0\u00bb2700&Prime;][\/et_pb_gallery][\/et_pb_column][\/et_pb_row][\/et_pb_section][et_pb_section fb_built=\u00a0\u00bb1&Prime; _builder_version=\u00a0\u00bb4.3.1&Prime; background_enable_color=\u00a0\u00bboff\u00a0\u00bb background_enable_image=\u00a0\u00bboff\u00a0\u00bb custom_margin=\u00a0\u00bb||||false|false\u00a0\u00bb custom_padding=\u00a0\u00bb50px||||false|false\u00a0\u00bb][et_pb_row _builder_version=\u00a0\u00bb4.3.1&Prime; background_color=\u00a0\u00bb#ffffff\u00a0\u00bb max_width=\u00a0\u00bb980px\u00a0\u00bb max_width_tablet=\u00a0\u00bb100%\u00a0\u00bb max_width_phone=\u00a0\u00bb\u00a0\u00bb max_width_last_edited=\u00a0\u00bbon|phone\u00a0\u00bb custom_padding=\u00a0\u00bb0px||50px||false|false\u00a0\u00bb][et_pb_column type=\u00a0\u00bb4_4&Prime; _builder_version=\u00a0\u00bb4.3.1&Prime;][et_pb_divider _builder_version=\u00a0\u00bb4.3.1&Prime; width=\u00a0\u00bb80%\u00a0\u00bb module_alignment=\u00a0\u00bbcenter\u00a0\u00bb custom_margin=\u00a0\u00bb||0px||false|false\u00a0\u00bb][\/et_pb_divider][et_pb_text _builder_version=\u00a0\u00bb4.3.1&Prime; text_font=\u00a0\u00bb|||on|||||\u00a0\u00bb header_2_font=\u00a0\u00bbOswald||||||||\u00a0\u00bb header_2_font_size=\u00a0\u00bb50px\u00a0\u00bb background_color=\u00a0\u00bb#ffffff\u00a0\u00bb text_orientation=\u00a0\u00bbcenter\u00a0\u00bb custom_margin=\u00a0\u00bb||||false|false\u00a0\u00bb custom_margin_tablet=\u00a0\u00bb|0px||0px|false|false\u00a0\u00bb custom_margin_phone=\u00a0\u00bb\u00a0\u00bb custom_margin_last_edited=\u00a0\u00bbon|phone\u00a0\u00bb custom_padding=\u00a0\u00bb||||false|false\u00a0\u00bb hover_enabled=\u00a0\u00bb0&Prime; header_2_font_size_tablet=\u00a0\u00bb36px\u00a0\u00bb header_2_font_size_phone=\u00a0\u00bb24px\u00a0\u00bb header_2_font_size_last_edited=\u00a0\u00bbon|desktop\u00a0\u00bb]<\/p>\n<h2>Itin\u00e9raire<\/h2>\n<p>[\/et_pb_text][et_pb_divider _builder_version=\u00a0\u00bb4.3.1&Prime; width=\u00a0\u00bb80%\u00a0\u00bb module_alignment=\u00a0\u00bbcenter\u00a0\u00bb custom_margin=\u00a0\u00bb||||false|false\u00a0\u00bb][\/et_pb_divider][et_pb_text _builder_version=\u00a0\u00bb4.3.1&Prime; text_line_height=\u00a0\u00bb1.8em\u00a0\u00bb header_2_font=\u00a0\u00bb||||||||\u00a0\u00bb header_2_text_align=\u00a0\u00bbcenter\u00a0\u00bb header_2_font_size=\u00a0\u00bb50px\u00a0\u00bb header_2_line_height=\u00a0\u00bb2em\u00a0\u00bb header_5_font=\u00a0\u00bb|700||on|||||\u00a0\u00bb header_5_text_color=\u00a0\u00bb#00505e\u00a0\u00bb header_5_font_size=\u00a0\u00bb18px\u00a0\u00bb header_5_line_height=\u00a0\u00bb1.5em\u00a0\u00bb text_orientation=\u00a0\u00bbjustified\u00a0\u00bb custom_margin=\u00a0\u00bb-50px||||false|false\u00a0\u00bb hover_enabled=\u00a0\u00bb0&Prime; header_2_font_size_tablet=\u00a0\u00bb36px\u00a0\u00bb header_2_font_size_phone=\u00a0\u00bb24px\u00a0\u00bb header_2_font_size_last_edited=\u00a0\u00bbon|desktop\u00a0\u00bb]<\/p>\n    \t<div class=\"wpex-timeline-list left-tl  no-more no-end show-simple\" id=\"timeline-6710\" data-animations=\"\">\r\n        \t<div class=\"wpex-loading\">\r\n                <div class=\"wpex-spinner\">\r\n                    <div class=\"rect1\"><\/div>\r\n                    <div class=\"rect2\"><\/div>\r\n                    <div class=\"rect3\"><\/div>\r\n                    <div class=\"rect4\"><\/div>\r\n                    <div class=\"rect5\"><\/div>\r\n                <\/div>\r\n            <\/div>\r\n        \t        \t            <div class=\"wpex-tltitle wpex-loadmore\"><span>Ouest Express<\/span><\/div>\r\n                        <ul class=\"wpex wpex-timeline style-left\">\r\n                \r\n\t\t\t\t<li class=\"filter-6710_2409  post-2409 wp-timeline type-wp-timeline status-publish hentry wpex_category-ouest-express\" data-id=\"filter-6710_2409\" >\r\n\t<div class=\"\">\r\n                <div class=\"wpex-timeline-label\">\r\n            <time class=\"wpex-timeline-time\" datetime=\"14 h 56 min 10 septembre 2020\">\r\n                <span class=\"s-date\">\r\n\t\t<span class=\"tll-date\">\r\n\t\t\tJOUR 1\r\n\t\t<\/span><\/span>\r\n                                <span class=\"exclearfix\"><\/span>\r\n            <\/time>\r\n            <div class=\"timeline-details\">\r\n                                <div class=\"tlct-shortdes\">\r\n                            <h2 >\r\n            <a href=\"javascript:;\" title=\"Ouest Express | Jour 1\">\r\n                Ouest Express | Jour 1            <\/a>\r\n        <\/h2>\r\n                            <p><p>D\u00e9part de Paris en autocar de luxe avec votre guide Carol Voyages et route vers la Normandie. Arr\u00eatez-vous \u00e0 Giverny pour visiter la maison et les jardins de Monet. Puis route pour une visite guid\u00e9e du Manoir d\u2019Apreval, une cidrerie o\u00f9 vous apprendrez les secrets de fabrication des pommeaux, cidres et autres calvados. Continuation par une visite p\u00e9destre de Honfleur avec son port, ses ruelles, ses galeries d&rsquo;art et son \u00e9glise Sainte Catherine du 15\u00e8me si\u00e8cle. Temps libre pour d\u00eener et nuit dans un h\u00f4tel 3 \u00e9toiles des environs.<\/p>\n<\/p>\r\n                                    <\/div>\r\n            <\/div>\r\n            <div class=\"exclearfix\"><\/div>\r\n                    <\/div>\r\n    <\/div>\r\n    <div class=\"wpex-timeline-icon\">\r\n        <a href=\"javascript:;\" title=\"Ouest Express | Jour 1\"><i class=\"fa fa-circle\"><\/i><\/a>\r\n    <\/div>\r\n            <\/li><li class=\"filter-6710_2410  post-2410 wp-timeline type-wp-timeline status-publish hentry wpex_category-ouest-express\" data-id=\"filter-6710_2410\" >\r\n\t<div class=\"\">\r\n                <div class=\"wpex-timeline-label\">\r\n            <time class=\"wpex-timeline-time\" datetime=\"14 h 57 min 10 septembre 2020\">\r\n                <span class=\"s-date\">\r\n\t\t<span class=\"tll-date\">\r\n\t\t\tJOUR 2\r\n\t\t<\/span><\/span>\r\n                                <span class=\"exclearfix\"><\/span>\r\n            <\/time>\r\n            <div class=\"timeline-details\">\r\n                                <div class=\"tlct-shortdes\">\r\n                            <h2 >\r\n            <a href=\"javascript:;\" title=\"Ouest Express | Jour 2\">\r\n                Ouest Express | Jour 2            <\/a>\r\n        <\/h2>\r\n                            <p><p>Petit d\u00e9jeuner \u00e0 l&rsquo;h\u00f4tel. Le matin d\u00e9part pour Deauville avec ses planches, son casino et ses boutiques de luxe. Continuation par une visite guid\u00e9e de la fromagerie Graindorge \u00e0 Livarot avec d\u00e9gustation de fromages. Continuation vers les plages du d\u00e9barquement et arr\u00eat \u00e0 Arromanches pour une visite au mus\u00e9e DDay. Route vers Bayeux. Temps libre pour d\u00eener et nuit dans un h\u00f4tel 3 \u00e9toiles des environs.<\/p>\n<\/p>\r\n                                    <\/div>\r\n            <\/div>\r\n            <div class=\"exclearfix\"><\/div>\r\n                    <\/div>\r\n    <\/div>\r\n    <div class=\"wpex-timeline-icon\">\r\n        <a href=\"javascript:;\" title=\"Ouest Express | Jour 2\"><i class=\"fa fa-circle\"><\/i><\/a>\r\n    <\/div>\r\n            <\/li><li class=\"filter-6710_2411  post-2411 wp-timeline type-wp-timeline status-publish hentry wpex_category-ouest-express\" data-id=\"filter-6710_2411\" >\r\n\t<div class=\"\">\r\n                <div class=\"wpex-timeline-label\">\r\n            <time class=\"wpex-timeline-time\" datetime=\"14 h 58 min 10 septembre 2020\">\r\n                <span class=\"s-date\">\r\n\t\t<span class=\"tll-date\">\r\n\t\t\tJOUR 3\r\n\t\t<\/span><\/span>\r\n                                <span class=\"exclearfix\"><\/span>\r\n            <\/time>\r\n            <div class=\"timeline-details\">\r\n                                <div class=\"tlct-shortdes\">\r\n                            <h2 >\r\n            <a href=\"javascript:;\" title=\"Ouest Express | Jour 3\">\r\n                Ouest Express | Jour 3            <\/a>\r\n        <\/h2>\r\n                            <p><p>Petit d\u00e9jeuner \u00e0 l&rsquo;h\u00f4tel. Visite de Bayeux, sa vieille ville, sa cath\u00e9drale et son c\u00e9l\u00e8bre mus\u00e9e de la tapisserie. Continuation vers Colleville-sur-Mer via Omaha Beach et visite du cimeti\u00e8re am\u00e9ricain de Colleville-sur-Mer. Continuation vers la Pointe du Hoc puis route vers Avranches. Temps libre pour d\u00eener et nuit dans un h\u00f4tel 3 \u00e9toiles des environs.<\/p>\n<\/p>\r\n                                    <\/div>\r\n            <\/div>\r\n            <div class=\"exclearfix\"><\/div>\r\n                    <\/div>\r\n    <\/div>\r\n    <div class=\"wpex-timeline-icon\">\r\n        <a href=\"javascript:;\" title=\"Ouest Express | Jour 3\"><i class=\"fa fa-circle\"><\/i><\/a>\r\n    <\/div>\r\n            <\/li><li class=\"filter-6710_2413  post-2413 wp-timeline type-wp-timeline status-publish hentry wpex_category-ouest-express\" data-id=\"filter-6710_2413\" >\r\n\t<div class=\"\">\r\n                <div class=\"wpex-timeline-label\">\r\n            <time class=\"wpex-timeline-time\" datetime=\"14 h 59 min 10 septembre 2020\">\r\n                <span class=\"s-date\">\r\n\t\t<span class=\"tll-date\">\r\n\t\t\tJOUR 4\r\n\t\t<\/span><\/span>\r\n                                <span class=\"exclearfix\"><\/span>\r\n            <\/time>\r\n            <div class=\"timeline-details\">\r\n                                <div class=\"tlct-shortdes\">\r\n                            <h2 >\r\n            <a href=\"javascript:;\" title=\"Ouest Express | Jour 4\">\r\n                Ouest Express | Jour 4            <\/a>\r\n        <\/h2>\r\n                            <p><p>Petit d\u00e9jeuner \u00e0 l&rsquo;h\u00f4tel. Le matin, visite de la merveille occidentale: le Mont-Saint-Michel. D\u00e9jeuner libre \u00e0 La M\u00e8re Poulard par exemple. Continuation pour le petit port plein de charme de Cancale. Ce joli porto se fait appr\u00e9cier tant par le regard que par le palais. \u00c9lu site de go\u00fbt remarquable, Cancale est connue depuis longtemps pour ses hu\u00eetres et crustac\u00e9s. Temps libre pour d\u00eener et nuit dans un h\u00f4tel 3 \u00e9toiles des environs.<\/p>\n<\/p>\r\n                                    <\/div>\r\n            <\/div>\r\n            <div class=\"exclearfix\"><\/div>\r\n                    <\/div>\r\n    <\/div>\r\n    <div class=\"wpex-timeline-icon\">\r\n        <a href=\"javascript:;\" title=\"Ouest Express | Jour 4\"><i class=\"fa fa-circle\"><\/i><\/a>\r\n    <\/div>\r\n            <\/li><li class=\"filter-6710_2414  post-2414 wp-timeline type-wp-timeline status-publish hentry wpex_category-ouest-express\" data-id=\"filter-6710_2414\" >\r\n\t<div class=\"\">\r\n                <div class=\"wpex-timeline-label\">\r\n            <time class=\"wpex-timeline-time\" datetime=\"14 h 59 min 10 septembre 2020\">\r\n                <span class=\"s-date\">\r\n\t\t<span class=\"tll-date\">\r\n\t\t\tJOUR 5\r\n\t\t<\/span><\/span>\r\n                                <span class=\"exclearfix\"><\/span>\r\n            <\/time>\r\n            <div class=\"timeline-details\">\r\n                                <div class=\"tlct-shortdes\">\r\n                            <h2 >\r\n            <a href=\"javascript:;\" title=\"Ouest Express | Jour 5\">\r\n                Ouest Express | Jour 5            <\/a>\r\n        <\/h2>\r\n                            <p><p>Petit d\u00e9jeuner \u00e0 l&rsquo;h\u00f4tel. Le matin visite de la ferme ostr\u00e9icole La ferme marine pour mieux comprendre l&rsquo;ostr\u00e9iculture, puis route vers la cit\u00e9 des pirates: Saint-Malo. Visite de la ville fortifi\u00e9e par Vauban. Continuation le long de la c\u00f4te d&rsquo;Emeraude pour la charmante station baln\u00e9aire de Dinard puis route pour Saint Brieuc en passant par le Cap Fr\u00e9hel. Temps libre pour d\u00eener et nuit dans un h\u00f4tel 3 \u00e9toiles des environs.<\/p>\n<\/p>\r\n                                    <\/div>\r\n            <\/div>\r\n            <div class=\"exclearfix\"><\/div>\r\n                    <\/div>\r\n    <\/div>\r\n    <div class=\"wpex-timeline-icon\">\r\n        <a href=\"javascript:;\" title=\"Ouest Express | Jour 5\"><i class=\"fa fa-circle\"><\/i><\/a>\r\n    <\/div>\r\n            <\/li><li class=\"filter-6710_2415  post-2415 wp-timeline type-wp-timeline status-publish hentry wpex_category-ouest-express\" data-id=\"filter-6710_2415\" >\r\n\t<div class=\"\">\r\n                <div class=\"wpex-timeline-label\">\r\n            <time class=\"wpex-timeline-time\" datetime=\"15 h 00 min 10 septembre 2020\">\r\n                <span class=\"s-date\">\r\n\t\t<span class=\"tll-date\">\r\n\t\t\tJOUR 6\r\n\t\t<\/span><\/span>\r\n                                <span class=\"exclearfix\"><\/span>\r\n            <\/time>\r\n            <div class=\"timeline-details\">\r\n                                <div class=\"tlct-shortdes\">\r\n                            <h2 >\r\n            <a href=\"javascript:;\" title=\"Ouest Express | Jour 6\">\r\n                Ouest Express | Jour 6            <\/a>\r\n        <\/h2>\r\n                            <p><p>Petit d\u00e9jeuner \u00e0 l&rsquo;h\u00f4tel. Le matin, visite de la biscuiterie artisanale de Brieuc qui produit des sp\u00e9cialit\u00e9s bretonnes au bon go\u00fbt de fruits, de caramel et de beurre sal\u00e9. Continuation vers le port de p\u00eache typique de Paimpol, en passant par la sublime c\u00f4te de granit rose. Continuation vers Morlaix et visite de la ville entre viaduc et ruelles avec ses \u00e9glises St M\u00e9laine et St Mathieu, ses maisons Pondalez (sorte de pans de bois) dont le meilleur exemple est la maison Penanault. Temps libre pour d\u00eener et nuit dans un h\u00f4tel 3 \u00e9toiles des environs.<\/p>\n<\/p>\r\n                                    <\/div>\r\n            <\/div>\r\n            <div class=\"exclearfix\"><\/div>\r\n                    <\/div>\r\n    <\/div>\r\n    <div class=\"wpex-timeline-icon\">\r\n        <a href=\"javascript:;\" title=\"Ouest Express | Jour 6\"><i class=\"fa fa-circle\"><\/i><\/a>\r\n    <\/div>\r\n            <\/li><li class=\"filter-6710_2416  post-2416 wp-timeline type-wp-timeline status-publish hentry wpex_category-ouest-express\" data-id=\"filter-6710_2416\" >\r\n\t<div class=\"\">\r\n                <div class=\"wpex-timeline-label\">\r\n            <time class=\"wpex-timeline-time\" datetime=\"15 h 01 min 10 septembre 2020\">\r\n                <span class=\"s-date\">\r\n\t\t<span class=\"tll-date\">\r\n\t\t\tJOUR 7\r\n\t\t<\/span><\/span>\r\n                                <span class=\"exclearfix\"><\/span>\r\n            <\/time>\r\n            <div class=\"timeline-details\">\r\n                                <div class=\"tlct-shortdes\">\r\n                            <h2 >\r\n            <a href=\"javascript:;\" title=\"Ouest Express | Jour 7\">\r\n                Ouest Express | Jour 7            <\/a>\r\n        <\/h2>\r\n                            <p><p>Petit d\u00e9jeuner \u00e0 l&rsquo;h\u00f4tel. En traversant le parc r\u00e9gional d&rsquo;Armorique, vous rejoindrez la ville de Quimper. Visite de Quimper, la capitale des Cornouailles, une r\u00e9gion sauvage et authentique c\u00e9l\u00e8bre pour ses dentelles et ses maisons \u00e0 colombages. Continuation vers le charmant port de B\u00e9nodet, puis route vers Concarneau, surnomm\u00e9e \u00abla ville bleue\u00bb. Visite de la conserverie Courtin, la plus ancienne de la ville, avec d\u00e9gustation. Temps libre pour d\u00eener et nuit dans un h\u00f4tel 3 \u00e9toiles des environs.<\/p>\n<\/p>\r\n                                    <\/div>\r\n            <\/div>\r\n            <div class=\"exclearfix\"><\/div>\r\n                    <\/div>\r\n    <\/div>\r\n    <div class=\"wpex-timeline-icon\">\r\n        <a href=\"javascript:;\" title=\"Ouest Express | Jour 7\"><i class=\"fa fa-circle\"><\/i><\/a>\r\n    <\/div>\r\n            <\/li><li class=\"filter-6710_2417  post-2417 wp-timeline type-wp-timeline status-publish hentry wpex_category-ouest-express\" data-id=\"filter-6710_2417\" >\r\n\t<div class=\"\">\r\n                <div class=\"wpex-timeline-label\">\r\n            <time class=\"wpex-timeline-time\" datetime=\"15 h 01 min 10 septembre 2020\">\r\n                <span class=\"s-date\">\r\n\t\t<span class=\"tll-date\">\r\n\t\t\tJOUR 8\r\n\t\t<\/span><\/span>\r\n                                <span class=\"exclearfix\"><\/span>\r\n            <\/time>\r\n            <div class=\"timeline-details\">\r\n                                <div class=\"tlct-shortdes\">\r\n                            <h2 >\r\n            <a href=\"javascript:;\" title=\"Ouest Express | Jour 8\">\r\n                Ouest Express | Jour 8            <\/a>\r\n        <\/h2>\r\n                            <p><p>Petit d\u00e9jeuner \u00e0 l&rsquo;h\u00f4tel. Dans la matin\u00e9e, visite de la c\u00e9l\u00e8bre biscuiterie des Galettes de Pont-Aven. Continuation vers Carnac et visite des fameux alignements de menhirs de Carnac avec la d\u00e9couverte de leur histoire myst\u00e9rieuse. Les 3 alignements de Carnac s&rsquo;\u00e9tendent sur pr\u00e8s de 4 km avec un total de 2 934 menhirs. Puis balade dans la presqu&rsquo;\u00eele de Quiberon et fin \u00e0 Vannes, ville d&rsquo;art et d&rsquo;histoire. Temps libre pour d\u00eener et nuit dans un h\u00f4tel 3 \u00e9toiles des environs.<\/p>\n<\/p>\r\n                                    <\/div>\r\n            <\/div>\r\n            <div class=\"exclearfix\"><\/div>\r\n                    <\/div>\r\n    <\/div>\r\n    <div class=\"wpex-timeline-icon\">\r\n        <a href=\"javascript:;\" title=\"Ouest Express | Jour 8\"><i class=\"fa fa-circle\"><\/i><\/a>\r\n    <\/div>\r\n            <\/li><li class=\"filter-6710_2418  post-2418 wp-timeline type-wp-timeline status-publish hentry wpex_category-ouest-express\" data-id=\"filter-6710_2418\" >\r\n\t<div class=\"\">\r\n                <div class=\"wpex-timeline-label\">\r\n            <time class=\"wpex-timeline-time\" datetime=\"15 h 02 min 10 septembre 2020\">\r\n                <span class=\"s-date\">\r\n\t\t<span class=\"tll-date\">\r\n\t\t\tJOUR 9\r\n\t\t<\/span><\/span>\r\n                                <span class=\"exclearfix\"><\/span>\r\n            <\/time>\r\n            <div class=\"timeline-details\">\r\n                                <div class=\"tlct-shortdes\">\r\n                            <h2 >\r\n            <a href=\"javascript:;\" title=\"Ouest Express | Jour 9\">\r\n                Ouest Express | Jour 9            <\/a>\r\n        <\/h2>\r\n                            <p><p>Petit d\u00e9jeuner \u00e0 l&rsquo;h\u00f4tel. Visite \u00e0 pied de l&rsquo;int\u00e9rieur de la cit\u00e9 des remparts de Vannes avec sa cath\u00e9drale et ses maisons \u00e0 colombages qui l&rsquo;entourent. Route vers la r\u00e9gion des ch\u00e2teaux de la Loire et premier Saumur. L&rsquo;apr\u00e8s-midi visite guid\u00e9e de l&rsquo;Ecole du Cadre Noir pour d\u00e9couvrir le fer de lance de l&rsquo;art \u00e9questre en France! Une visite passionnante et tr\u00e8s informative. Temps libre pour d\u00eener et nuit dans un h\u00f4tel 3 \u00e9toiles des environs.<\/p>\n<\/p>\r\n                                    <\/div>\r\n            <\/div>\r\n            <div class=\"exclearfix\"><\/div>\r\n                    <\/div>\r\n    <\/div>\r\n    <div class=\"wpex-timeline-icon\">\r\n        <a href=\"javascript:;\" title=\"Ouest Express | Jour 9\"><i class=\"fa fa-circle\"><\/i><\/a>\r\n    <\/div>\r\n            <\/li><li class=\"filter-6710_2420  post-2420 wp-timeline type-wp-timeline status-publish hentry wpex_category-ouest-express\" data-id=\"filter-6710_2420\" >\r\n\t<div class=\"\">\r\n                <div class=\"wpex-timeline-label\">\r\n            <time class=\"wpex-timeline-time\" datetime=\"15 h 03 min 10 septembre 2020\">\r\n                <span class=\"s-date\">\r\n\t\t<span class=\"tll-date\">\r\n\t\t\tJOUR 10\r\n\t\t<\/span><\/span>\r\n                                <span class=\"exclearfix\"><\/span>\r\n            <\/time>\r\n            <div class=\"timeline-details\">\r\n                                <div class=\"tlct-shortdes\">\r\n                            <h2 >\r\n            <a href=\"javascript:;\" title=\"Ouest Express | Jour 10\">\r\n                Ouest Express | Jour 10            <\/a>\r\n        <\/h2>\r\n                            <p><p>Petit d\u00e9jeuner \u00e0 l&rsquo;h\u00f4tel. D\u00e9part le matin pour une visite de l&rsquo;abbaye royale de Fontevraud fond\u00e9e au 12\u00e8me si\u00e8cle et qui reste l&rsquo;une des plus grandes cit\u00e9s monastiques du Moyen \u00c2ge. Continuation par la visite d&rsquo;une c\u00e9l\u00e8bre cave de vin de Bourgueil avec d\u00e9gustation. Continuation par la visite du merveilleux Ch\u00e2teau d&rsquo;Uss\u00e9 qui a inspir\u00e9 Charles Perrault pour la Belle au Bois Dormant. Temps libre pour d\u00eener et nuit dans un h\u00f4tel 3 \u00e9toiles des environs.<\/p>\n<\/p>\r\n                                    <\/div>\r\n            <\/div>\r\n            <div class=\"exclearfix\"><\/div>\r\n                    <\/div>\r\n    <\/div>\r\n    <div class=\"wpex-timeline-icon\">\r\n        <a href=\"javascript:;\" title=\"Ouest Express | Jour 10\"><i class=\"fa fa-circle\"><\/i><\/a>\r\n    <\/div>\r\n            <\/li><li class=\"filter-6710_2421  post-2421 wp-timeline type-wp-timeline status-publish hentry wpex_category-ouest-express\" data-id=\"filter-6710_2421\" >\r\n\t<div class=\"\">\r\n                <div class=\"wpex-timeline-label\">\r\n            <time class=\"wpex-timeline-time\" datetime=\"15 h 03 min 10 septembre 2020\">\r\n                <span class=\"s-date\">\r\n\t\t<span class=\"tll-date\">\r\n\t\t\tJOUR 11\r\n\t\t<\/span><\/span>\r\n                                <span class=\"exclearfix\"><\/span>\r\n            <\/time>\r\n            <div class=\"timeline-details\">\r\n                                <div class=\"tlct-shortdes\">\r\n                            <h2 >\r\n            <a href=\"javascript:;\" title=\"Ouest Express | Jour 11\">\r\n                Ouest Express | Jour 11            <\/a>\r\n        <\/h2>\r\n                            <p><p>Petit d\u00e9jeuner \u00e0 l&rsquo;h\u00f4tel. Le matin d\u00e9part pour Villandry et visite de ses jardins extraordinaires repr\u00e9sentant la reconstitution d&rsquo;un jardin \u00e0 la fran\u00e7aise du 14\u00e8me si\u00e8cle \u00e0 partir de textes anciens. Continuation vers Montbazon et sa forteresse du Black Hawk o\u00f9 vous aurez le plaisir de d\u00e9couvrir les m\u00e9tiers du Moyen \u00c2ge. Dans l&rsquo;apr\u00e8s-midi route vers Amboise et visite du Clos Luc\u00e9, derni\u00e8re demeure de L\u00e9onard de Vinci. En fin de journ\u00e9e, balade dans les rues d&rsquo;Amboise et d\u00e9gustation de vins de Touraine. Temps libre pour d\u00eener et nuit dans un h\u00f4tel 3 \u00e9toiles des environs.<\/p>\n<\/p>\r\n                                    <\/div>\r\n            <\/div>\r\n            <div class=\"exclearfix\"><\/div>\r\n                    <\/div>\r\n    <\/div>\r\n    <div class=\"wpex-timeline-icon\">\r\n        <a href=\"javascript:;\" title=\"Ouest Express | Jour 11\"><i class=\"fa fa-circle\"><\/i><\/a>\r\n    <\/div>\r\n            <\/li><li class=\"filter-6710_2422  post-2422 wp-timeline type-wp-timeline status-publish hentry wpex_category-ouest-express\" data-id=\"filter-6710_2422\" >\r\n\t<div class=\"\">\r\n                <div class=\"wpex-timeline-label\">\r\n            <time class=\"wpex-timeline-time\" datetime=\"15 h 04 min 10 septembre 2020\">\r\n                <span class=\"s-date\">\r\n\t\t<span class=\"tll-date\">\r\n\t\t\tJOUR 12\r\n\t\t<\/span><\/span>\r\n                                <span class=\"exclearfix\"><\/span>\r\n            <\/time>\r\n            <div class=\"timeline-details\">\r\n                                <div class=\"tlct-shortdes\">\r\n                            <h2 >\r\n            <a href=\"javascript:;\" title=\"Ouest Express | Jour 12\">\r\n                Ouest Express | Jour 12            <\/a>\r\n        <\/h2>\r\n                            <p><p>Petit d\u00e9jeuner \u00e0 l&rsquo;h\u00f4tel. D\u00e9part pour Chenonceau et visite du monument historique le plus visit\u00e9 de France apr\u00e8s Versailles. Continuation pour une visite \u00e0 la Maison des Vins \u00e0 Cheverny avec visite et d\u00e9gustation. Arr\u00eatez-vous \u00e0 Chambord et visitez le chef-d&rsquo;\u0153uvre de Fran\u00e7ois 1er. Route vers Paris et arriv\u00e9e tardive en fin de journ\u00e9e.<\/p>\n<p>Fin des services<\/p>\n<\/p>\r\n                                    <\/div>\r\n            <\/div>\r\n            <div class=\"exclearfix\"><\/div>\r\n                    <\/div>\r\n    <\/div>\r\n    <div class=\"wpex-timeline-icon\">\r\n        <a href=\"javascript:;\" title=\"Ouest Express | Jour 12\"><i class=\"fa fa-circle\"><\/i><\/a>\r\n    <\/div>\r\n            <\/li>            <\/ul>\r\n                    <\/div>\r\n        <div class=\"exclearfix\"><\/div>\r\n\t\t\n<p>[\/et_pb_text][\/et_pb_column][\/et_pb_row][et_pb_row column_structure=\u00a0\u00bb1_2,1_2&Prime; _builder_version=\u00a0\u00bb4.3.1&Prime; custom_padding=\u00a0\u00bb0px|||||\u00a0\u00bb][et_pb_column type=\u00a0\u00bb1_2&Prime; _builder_version=\u00a0\u00bb4.3.1&Prime;][et_pb_button button_url=\u00a0\u00bbhttps:\/\/cfi.carol-voyages.com\/index.php\/fr\/demande-de-devis\/\u00a0\u00bb button_text=\u00a0\u00bbDemande de devis\u00a0\u00bb button_alignment=\u00a0\u00bbright\u00a0\u00bb button_alignment_tablet=\u00a0\u00bbcenter\u00a0\u00bb button_alignment_phone=\u00a0\u00bb\u00a0\u00bb button_alignment_last_edited=\u00a0\u00bbon|tablet\u00a0\u00bb _builder_version=\u00a0\u00bb4.3.1&Prime; custom_button=\u00a0\u00bbon\u00a0\u00bb button_text_color=\u00a0\u00bb#ffffff\u00a0\u00bb button_bg_color=\u00a0\u00bb#ffba00&Prime; button_border_width=\u00a0\u00bb0px\u00a0\u00bb button_border_radius=\u00a0\u00bb100px\u00a0\u00bb button_font=\u00a0\u00bbOswald|||on|||||\u00a0\u00bb button_icon=\u00a0\u00bb%%28%%\u00a0\u00bb custom_margin=\u00a0\u00bb||||false|false\u00a0\u00bb][\/et_pb_button][\/et_pb_column][et_pb_column type=\u00a0\u00bb1_2&Prime; _builder_version=\u00a0\u00bb4.3.1&Prime;][et_pb_button button_url=\u00a0\u00bbhttps:\/\/cfi.carol-voyages.com\/index.php\/fr\/conditions-generales-pour-les-groupes\/\u00a0\u00bb button_text=\u00a0\u00bbConditions\u00a0\u00bb button_alignment=\u00a0\u00bbleft\u00a0\u00bb button_alignment_tablet=\u00a0\u00bbcenter\u00a0\u00bb button_alignment_phone=\u00a0\u00bb\u00a0\u00bb button_alignment_last_edited=\u00a0\u00bbon|tablet\u00a0\u00bb _builder_version=\u00a0\u00bb4.3.1&Prime; custom_button=\u00a0\u00bbon\u00a0\u00bb button_text_color=\u00a0\u00bb#ffba00&Prime; button_border_width=\u00a0\u00bb2px\u00a0\u00bb button_border_radius=\u00a0\u00bb100px\u00a0\u00bb button_font=\u00a0\u00bbOswald|||on|||||\u00a0\u00bb button_icon=\u00a0\u00bb%%28%%\u00a0\u00bb custom_margin=\u00a0\u00bb||||false|false\u00a0\u00bb button_bg_color__hover_enabled=\u00a0\u00bbon|hover\u00a0\u00bb button_bg_color__hover=\u00a0\u00bb#ffba00&Prime; button_bg_enable_color__hover=\u00a0\u00bbon\u00a0\u00bb button_text_color__hover_enabled=\u00a0\u00bbon|hover\u00a0\u00bb button_text_color__hover=\u00a0\u00bb#ffffff\u00a0\u00bb][\/et_pb_button][\/et_pb_column][\/et_pb_row][\/et_pb_section]<\/p>\n","protected":false},"excerpt":{"rendered":"<p>[et_pb_section fb_built=\u00a0\u00bb1&Prime; _builder_version=\u00a0\u00bb4.3.1&Prime; custom_padding=\u00a0\u00bb0px||||false|false\u00a0\u00bb][et_pb_row _builder_version=\u00a0\u00bb4.3.1&Prime; width=\u00a0\u00bb90%\u00a0\u00bb max_width=\u00a0\u00bb100%\u00a0\u00bb custom_padding=\u00a0\u00bb||0px|||\u00a0\u00bb][et_pb_column type=\u00a0\u00bb4_4&Prime; _builder_version=\u00a0\u00bb4.3.1&Prime;][et_pb_text disabled_on=\u00a0\u00bbon|on|off\u00a0\u00bb _builder_version=\u00a0\u00bb4.3.1&Prime; text_font=\u00a0\u00bbMontserrat|300|||||||\u00a0\u00bb text_text_color=\u00a0\u00bb#000000&Prime; link_font=\u00a0\u00bbMontserrat||||||||\u00a0\u00bb link_text_color=\u00a0\u00bb#000000&Prime;][\/et_pb_text][\/et_pb_column][\/et_pb_row][et_pb_row _builder_version=\u00a0\u00bb4.3.1&Prime; custom_padding=\u00a0\u00bb||0px|||\u00a0\u00bb][et_pb_column type=\u00a0\u00bb4_4&Prime; _builder_version=\u00a0\u00bb4.3.1&Prime;][et_pb_text _builder_version=\u00a0\u00bb4.3.1&Prime; text_font=\u00a0\u00bbMontserrat||||||||\u00a0\u00bb header_font=\u00a0\u00bbMontserrat||||||||\u00a0\u00bb header_font_size=\u00a0\u00bb50px\u00a0\u00bb header_2_font=\u00a0\u00bbOswald||||||||\u00a0\u00bb header_2_text_align=\u00a0\u00bbcenter\u00a0\u00bb header_2_text_color=\u00a0\u00bb#ffba00&Prime; header_2_font_size=\u00a0\u00bb60px\u00a0\u00bb header_2_line_height=\u00a0\u00bb1.5em\u00a0\u00bb text_orientation=\u00a0\u00bbcenter\u00a0\u00bb hover_enabled=\u00a0\u00bb0&Prime; header_2_font_size_tablet=\u00a0\u00bb36px\u00a0\u00bb header_2_font_size_phone=\u00a0\u00bb24px\u00a0\u00bb header_2_font_size_last_edited=\u00a0\u00bbon|phone\u00a0\u00bb] \u2022 Ouest Express \u2022 Paris &#8211; Giverny &#8211; Honfleur &#8211; Deauville &#8211; Arromanches &#8211; Bayeux &#8211; Colleville sur Mer &#8211; Avranches [&hellip;]<\/p>\n","protected":false},"author":1,"featured_media":0,"parent":2647,"menu_order":0,"comment_status":"closed","ping_status":"closed","template":"","meta":{"_et_pb_use_builder":"on","_et_pb_old_content":"","_et_gb_content_width":"","footnotes":""},"class_list":["post-2656","page","type-page","status-publish","hentry"],"yoast_head":"<!-- This site is optimized with the Yoast SEO plugin v27.4 - https:\/\/yoast.com\/product\/yoast-seo-wordpress\/ -->\n<title>Ouest Express - Carol France Incoming<\/title>\n<meta name=\"robots\" content=\"index, follow, max-snippet:-1, max-image-preview:large, max-video-preview:-1\" \/>\n<link rel=\"canonical\" href=\"https:\/\/cfi.carol-voyages.com\/index.php\/fr\/circuits\/bretagne\/ouest-express\/\" \/>\n<meta property=\"og:locale\" content=\"fr_FR\" \/>\n<meta property=\"og:type\" content=\"article\" \/>\n<meta property=\"og:title\" content=\"Ouest Express - Carol France Incoming\" \/>\n<meta property=\"og:description\" content=\"[et_pb_section fb_built=\u00a0\u00bb1&Prime; _builder_version=\u00a0\u00bb4.3.1&Prime; custom_padding=\u00a0\u00bb0px||||false|false\u00a0\u00bb][et_pb_row _builder_version=\u00a0\u00bb4.3.1&Prime; width=\u00a0\u00bb90%\u00a0\u00bb max_width=\u00a0\u00bb100%\u00a0\u00bb custom_padding=\u00a0\u00bb||0px|||\u00a0\u00bb][et_pb_column type=\u00a0\u00bb4_4&Prime; _builder_version=\u00a0\u00bb4.3.1&Prime;][et_pb_text disabled_on=\u00a0\u00bbon|on|off\u00a0\u00bb _builder_version=\u00a0\u00bb4.3.1&Prime; text_font=\u00a0\u00bbMontserrat|300|||||||\u00a0\u00bb text_text_color=\u00a0\u00bb#000000&Prime; link_font=\u00a0\u00bbMontserrat||||||||\u00a0\u00bb link_text_color=\u00a0\u00bb#000000&Prime;][\/et_pb_text][\/et_pb_column][\/et_pb_row][et_pb_row _builder_version=\u00a0\u00bb4.3.1&Prime; custom_padding=\u00a0\u00bb||0px|||\u00a0\u00bb][et_pb_column type=\u00a0\u00bb4_4&Prime; _builder_version=\u00a0\u00bb4.3.1&Prime;][et_pb_text _builder_version=\u00a0\u00bb4.3.1&Prime; text_font=\u00a0\u00bbMontserrat||||||||\u00a0\u00bb header_font=\u00a0\u00bbMontserrat||||||||\u00a0\u00bb header_font_size=\u00a0\u00bb50px\u00a0\u00bb header_2_font=\u00a0\u00bbOswald||||||||\u00a0\u00bb header_2_text_align=\u00a0\u00bbcenter\u00a0\u00bb header_2_text_color=\u00a0\u00bb#ffba00&Prime; header_2_font_size=\u00a0\u00bb60px\u00a0\u00bb header_2_line_height=\u00a0\u00bb1.5em\u00a0\u00bb text_orientation=\u00a0\u00bbcenter\u00a0\u00bb hover_enabled=\u00a0\u00bb0&Prime; header_2_font_size_tablet=\u00a0\u00bb36px\u00a0\u00bb header_2_font_size_phone=\u00a0\u00bb24px\u00a0\u00bb header_2_font_size_last_edited=\u00a0\u00bbon|phone\u00a0\u00bb] \u2022 Ouest Express \u2022 Paris &#8211; Giverny &#8211; Honfleur &#8211; Deauville &#8211; Arromanches &#8211; Bayeux &#8211; Colleville sur Mer &#8211; Avranches [&hellip;]\" \/>\n<meta property=\"og:url\" content=\"https:\/\/cfi.carol-voyages.com\/index.php\/fr\/circuits\/bretagne\/ouest-express\/\" \/>\n<meta property=\"og:site_name\" content=\"Carol France Incoming\" \/>\n<meta name=\"twitter:card\" content=\"summary_large_image\" \/>\n<meta name=\"twitter:label1\" content=\"Dur\u00e9e de lecture estim\u00e9e\" \/>\n\t<meta name=\"twitter:data1\" content=\"5 minutes\" \/>\n<script type=\"application\/ld+json\" class=\"yoast-schema-graph\">{\"@context\":\"https:\\\/\\\/schema.org\",\"@graph\":[{\"@type\":\"WebPage\",\"@id\":\"https:\\\/\\\/cfi.carol-voyages.com\\\/index.php\\\/fr\\\/circuits\\\/bretagne\\\/ouest-express\\\/\",\"url\":\"https:\\\/\\\/cfi.carol-voyages.com\\\/index.php\\\/fr\\\/circuits\\\/bretagne\\\/ouest-express\\\/\",\"name\":\"Ouest Express - Carol France Incoming\",\"isPartOf\":{\"@id\":\"https:\\\/\\\/cfi.carol-voyages.com\\\/#website\"},\"datePublished\":\"2020-09-10T16:08:54+00:00\",\"breadcrumb\":{\"@id\":\"https:\\\/\\\/cfi.carol-voyages.com\\\/index.php\\\/fr\\\/circuits\\\/bretagne\\\/ouest-express\\\/#breadcrumb\"},\"inLanguage\":\"fr-FR\",\"potentialAction\":[{\"@type\":\"ReadAction\",\"target\":[\"https:\\\/\\\/cfi.carol-voyages.com\\\/index.php\\\/fr\\\/circuits\\\/bretagne\\\/ouest-express\\\/\"]}]},{\"@type\":\"BreadcrumbList\",\"@id\":\"https:\\\/\\\/cfi.carol-voyages.com\\\/index.php\\\/fr\\\/circuits\\\/bretagne\\\/ouest-express\\\/#breadcrumb\",\"itemListElement\":[{\"@type\":\"ListItem\",\"position\":1,\"name\":\"Home\",\"item\":\"https:\\\/\\\/cfi.carol-voyages.com\\\/\"},{\"@type\":\"ListItem\",\"position\":2,\"name\":\"Circuits\",\"item\":\"https:\\\/\\\/cfi.carol-voyages.com\\\/index.php\\\/fr\\\/circuits\\\/\"},{\"@type\":\"ListItem\",\"position\":3,\"name\":\"Bretagne\",\"item\":\"https:\\\/\\\/cfi.carol-voyages.com\\\/index.php\\\/fr\\\/circuits\\\/bretagne\\\/\"},{\"@type\":\"ListItem\",\"position\":4,\"name\":\"Ouest Express\"}]},{\"@type\":\"WebSite\",\"@id\":\"https:\\\/\\\/cfi.carol-voyages.com\\\/#website\",\"url\":\"https:\\\/\\\/cfi.carol-voyages.com\\\/\",\"name\":\"Carol France Incoming\",\"description\":\"Your DMC in France\",\"publisher\":{\"@id\":\"https:\\\/\\\/cfi.carol-voyages.com\\\/#organization\"},\"potentialAction\":[{\"@type\":\"SearchAction\",\"target\":{\"@type\":\"EntryPoint\",\"urlTemplate\":\"https:\\\/\\\/cfi.carol-voyages.com\\\/?s={search_term_string}\"},\"query-input\":{\"@type\":\"PropertyValueSpecification\",\"valueRequired\":true,\"valueName\":\"search_term_string\"}}],\"inLanguage\":\"fr-FR\"},{\"@type\":\"Organization\",\"@id\":\"https:\\\/\\\/cfi.carol-voyages.com\\\/#organization\",\"name\":\"Carol France Incoming\",\"url\":\"https:\\\/\\\/cfi.carol-voyages.com\\\/\",\"logo\":{\"@type\":\"ImageObject\",\"inLanguage\":\"fr-FR\",\"@id\":\"https:\\\/\\\/cfi.carol-voyages.com\\\/#\\\/schema\\\/logo\\\/image\\\/\",\"url\":\"https:\\\/\\\/cfi.carol-voyages.com\\\/wp-content\\\/uploads\\\/2020\\\/02\\\/logo-carol-france-incoming.jpg\",\"contentUrl\":\"https:\\\/\\\/cfi.carol-voyages.com\\\/wp-content\\\/uploads\\\/2020\\\/02\\\/logo-carol-france-incoming.jpg\",\"width\":321,\"height\":151,\"caption\":\"Carol France Incoming\"},\"image\":{\"@id\":\"https:\\\/\\\/cfi.carol-voyages.com\\\/#\\\/schema\\\/logo\\\/image\\\/\"}}]}<\/script>\n<!-- \/ Yoast SEO plugin. -->","yoast_head_json":{"title":"Ouest Express - Carol France Incoming","robots":{"index":"index","follow":"follow","max-snippet":"max-snippet:-1","max-image-preview":"max-image-preview:large","max-video-preview":"max-video-preview:-1"},"canonical":"https:\/\/cfi.carol-voyages.com\/index.php\/fr\/circuits\/bretagne\/ouest-express\/","og_locale":"fr_FR","og_type":"article","og_title":"Ouest Express - Carol France Incoming","og_description":"[et_pb_section fb_built=\u00a0\u00bb1&Prime; _builder_version=\u00a0\u00bb4.3.1&Prime; custom_padding=\u00a0\u00bb0px||||false|false\u00a0\u00bb][et_pb_row _builder_version=\u00a0\u00bb4.3.1&Prime; width=\u00a0\u00bb90%\u00a0\u00bb max_width=\u00a0\u00bb100%\u00a0\u00bb custom_padding=\u00a0\u00bb||0px|||\u00a0\u00bb][et_pb_column type=\u00a0\u00bb4_4&Prime; _builder_version=\u00a0\u00bb4.3.1&Prime;][et_pb_text disabled_on=\u00a0\u00bbon|on|off\u00a0\u00bb _builder_version=\u00a0\u00bb4.3.1&Prime; text_font=\u00a0\u00bbMontserrat|300|||||||\u00a0\u00bb text_text_color=\u00a0\u00bb#000000&Prime; link_font=\u00a0\u00bbMontserrat||||||||\u00a0\u00bb link_text_color=\u00a0\u00bb#000000&Prime;][\/et_pb_text][\/et_pb_column][\/et_pb_row][et_pb_row _builder_version=\u00a0\u00bb4.3.1&Prime; custom_padding=\u00a0\u00bb||0px|||\u00a0\u00bb][et_pb_column type=\u00a0\u00bb4_4&Prime; _builder_version=\u00a0\u00bb4.3.1&Prime;][et_pb_text _builder_version=\u00a0\u00bb4.3.1&Prime; text_font=\u00a0\u00bbMontserrat||||||||\u00a0\u00bb header_font=\u00a0\u00bbMontserrat||||||||\u00a0\u00bb header_font_size=\u00a0\u00bb50px\u00a0\u00bb header_2_font=\u00a0\u00bbOswald||||||||\u00a0\u00bb header_2_text_align=\u00a0\u00bbcenter\u00a0\u00bb header_2_text_color=\u00a0\u00bb#ffba00&Prime; header_2_font_size=\u00a0\u00bb60px\u00a0\u00bb header_2_line_height=\u00a0\u00bb1.5em\u00a0\u00bb text_orientation=\u00a0\u00bbcenter\u00a0\u00bb hover_enabled=\u00a0\u00bb0&Prime; header_2_font_size_tablet=\u00a0\u00bb36px\u00a0\u00bb header_2_font_size_phone=\u00a0\u00bb24px\u00a0\u00bb header_2_font_size_last_edited=\u00a0\u00bbon|phone\u00a0\u00bb] \u2022 Ouest Express \u2022 Paris &#8211; Giverny &#8211; Honfleur &#8211; Deauville &#8211; Arromanches &#8211; Bayeux &#8211; Colleville sur Mer &#8211; Avranches [&hellip;]","og_url":"https:\/\/cfi.carol-voyages.com\/index.php\/fr\/circuits\/bretagne\/ouest-express\/","og_site_name":"Carol France Incoming","twitter_card":"summary_large_image","twitter_misc":{"Dur\u00e9e de lecture estim\u00e9e":"5 minutes"},"schema":{"@context":"https:\/\/schema.org","@graph":[{"@type":"WebPage","@id":"https:\/\/cfi.carol-voyages.com\/index.php\/fr\/circuits\/bretagne\/ouest-express\/","url":"https:\/\/cfi.carol-voyages.com\/index.php\/fr\/circuits\/bretagne\/ouest-express\/","name":"Ouest Express - Carol France Incoming","isPartOf":{"@id":"https:\/\/cfi.carol-voyages.com\/#website"},"datePublished":"2020-09-10T16:08:54+00:00","breadcrumb":{"@id":"https:\/\/cfi.carol-voyages.com\/index.php\/fr\/circuits\/bretagne\/ouest-express\/#breadcrumb"},"inLanguage":"fr-FR","potentialAction":[{"@type":"ReadAction","target":["https:\/\/cfi.carol-voyages.com\/index.php\/fr\/circuits\/bretagne\/ouest-express\/"]}]},{"@type":"BreadcrumbList","@id":"https:\/\/cfi.carol-voyages.com\/index.php\/fr\/circuits\/bretagne\/ouest-express\/#breadcrumb","itemListElement":[{"@type":"ListItem","position":1,"name":"Home","item":"https:\/\/cfi.carol-voyages.com\/"},{"@type":"ListItem","position":2,"name":"Circuits","item":"https:\/\/cfi.carol-voyages.com\/index.php\/fr\/circuits\/"},{"@type":"ListItem","position":3,"name":"Bretagne","item":"https:\/\/cfi.carol-voyages.com\/index.php\/fr\/circuits\/bretagne\/"},{"@type":"ListItem","position":4,"name":"Ouest Express"}]},{"@type":"WebSite","@id":"https:\/\/cfi.carol-voyages.com\/#website","url":"https:\/\/cfi.carol-voyages.com\/","name":"Carol France Incoming","description":"Your DMC in France","publisher":{"@id":"https:\/\/cfi.carol-voyages.com\/#organization"},"potentialAction":[{"@type":"SearchAction","target":{"@type":"EntryPoint","urlTemplate":"https:\/\/cfi.carol-voyages.com\/?s={search_term_string}"},"query-input":{"@type":"PropertyValueSpecification","valueRequired":true,"valueName":"search_term_string"}}],"inLanguage":"fr-FR"},{"@type":"Organization","@id":"https:\/\/cfi.carol-voyages.com\/#organization","name":"Carol France Incoming","url":"https:\/\/cfi.carol-voyages.com\/","logo":{"@type":"ImageObject","inLanguage":"fr-FR","@id":"https:\/\/cfi.carol-voyages.com\/#\/schema\/logo\/image\/","url":"https:\/\/cfi.carol-voyages.com\/wp-content\/uploads\/2020\/02\/logo-carol-france-incoming.jpg","contentUrl":"https:\/\/cfi.carol-voyages.com\/wp-content\/uploads\/2020\/02\/logo-carol-france-incoming.jpg","width":321,"height":151,"caption":"Carol France Incoming"},"image":{"@id":"https:\/\/cfi.carol-voyages.com\/#\/schema\/logo\/image\/"}}]}},"_links":{"self":[{"href":"https:\/\/cfi.carol-voyages.com\/index.php\/wp-json\/wp\/v2\/pages\/2656","targetHints":{"allow":["GET"]}}],"collection":[{"href":"https:\/\/cfi.carol-voyages.com\/index.php\/wp-json\/wp\/v2\/pages"}],"about":[{"href":"https:\/\/cfi.carol-voyages.com\/index.php\/wp-json\/wp\/v2\/types\/page"}],"author":[{"embeddable":true,"href":"https:\/\/cfi.carol-voyages.com\/index.php\/wp-json\/wp\/v2\/users\/1"}],"replies":[{"embeddable":true,"href":"https:\/\/cfi.carol-voyages.com\/index.php\/wp-json\/wp\/v2\/comments?post=2656"}],"version-history":[{"count":3,"href":"https:\/\/cfi.carol-voyages.com\/index.php\/wp-json\/wp\/v2\/pages\/2656\/revisions"}],"predecessor-version":[{"id":2661,"href":"https:\/\/cfi.carol-voyages.com\/index.php\/wp-json\/wp\/v2\/pages\/2656\/revisions\/2661"}],"up":[{"embeddable":true,"href":"https:\/\/cfi.carol-voyages.com\/index.php\/wp-json\/wp\/v2\/pages\/2647"}],"wp:attachment":[{"href":"https:\/\/cfi.carol-voyages.com\/index.php\/wp-json\/wp\/v2\/media?parent=2656"}],"curies":[{"name":"wp","href":"https:\/\/api.w.org\/{rel}","templated":true}]}}